{"id":1147,"date":"2017-02-10T11:01:51","date_gmt":"2017-02-10T10:01:51","guid":{"rendered":"https:\/\/www.laerchenhof-lech.at\/?post_type=portfolio&#038;p=1147\/"},"modified":"2024-09-15T08:34:46","modified_gmt":"2024-09-15T06:34:46","slug":"omesberg-double-room","status":"publish","type":"portfolio","link":"https:\/\/www.laerchenhof-lech.at\/en\/arlberg\/omesberg-double-room\/","title":{"rendered":"Omesberg Double Room"},"content":{"rendered":"<div id='full_slider_1'  class='avia-fullwidth-slider main_color avia-shadow   avia-builder-el-0  el_before_av_layout_row  avia-builder-el-first   container_wrap sidebar_right'  >\n<style type=\"text\/css\" data-created_by=\"avia_inline_auto\" id=\"style-css-av-1n91xm3-d5398b20966f8bcbf4371ee5801fe7f4\">\n#top #wrap_all .avia-slideshow .av-slideshow-caption.av-1n91xm3-d5398b20966f8bcbf4371ee5801fe7f4__0 .avia-caption-title{\nfont-size:70px;\n}\n#top .avia-slideshow .av-slideshow-caption.av-1n91xm3-d5398b20966f8bcbf4371ee5801fe7f4__0 .avia-caption-content{\nfont-size:24px;\n}\n#top .avia-slideshow .av-slideshow-caption.av-1n91xm3-d5398b20966f8bcbf4371ee5801fe7f4__0 .avia-caption-content p{\nfont-size:24px;\n}\n<\/style>\n<div  class='avia-slideshow av-1n91xm3-d5398b20966f8bcbf4371ee5801fe7f4 avia-slideshow-featured av_slideshow_full avia-fade-slider av-slideshow-ui av-control-default av-slideshow-autoplay av-loop-endless av-loop-manual-endless av-default-height-applied   avia-slideshow-1' data-slideshow-options=\"{&quot;animation&quot;:&quot;fade&quot;,&quot;autoplay&quot;:true,&quot;loop_autoplay&quot;:&quot;endless&quot;,&quot;interval&quot;:5,&quot;loop_manual&quot;:&quot;manual-endless&quot;,&quot;autoplay_stopper&quot;:false,&quot;noNavigation&quot;:false,&quot;bg_slider&quot;:false,&quot;keep_padding&quot;:false,&quot;hoverpause&quot;:false,&quot;show_slide_delay&quot;:0}\"  itemprop=\"image\" itemscope=\"itemscope\" itemtype=\"https:\/\/schema.org\/ImageObject\" ><ul class='avia-slideshow-inner ' style='padding-bottom: 31.8991097923%;'><li  class='avia-slideshow-slide av-1n91xm3-d5398b20966f8bcbf4371ee5801fe7f4__0  av-single-slide slide-1 slide-odd'><div data-rel='slideshow-1' class='avia-slide-wrap '   ><div class='av-slideshow-caption av-1n91xm3-d5398b20966f8bcbf4371ee5801fe7f4__0 caption_fullwidth caption_center'><div class=\"container caption_container\"><div class=\"slideshow_caption\"><div class=\"slideshow_inner_caption\"><div class=\"slideshow_align_caption\"><h2 class='avia-caption-title '  itemprop=\"name\" >Omesberg Double Room<\/h2><div class='avia-caption-content '  itemprop=\"description\" ><p>at Hotel L\u00e4rchenhof***<\/p>\n<\/div><\/div><\/div><\/div><\/div><\/div><img decoding=\"async\" fetchpriority=\"high\" class=\"wp-image-1879 avia-img-lazy-loading-not-1879\"  src=\"https:\/\/www.laerchenhof-lech.at\/wp-content\/uploads\/2016\/12\/schoenes-wohnen-1e-doppelzimmer-omesberg-hotel-laerchenhof-in-lech-am-arlberg-1348x430.jpg\" width=\"1348\" height=\"430\" title='Doppelzimmer Omesberg mit Couch - im Hotel L\u00e4rchenhof in Lech am Arlberg' alt=''  itemprop=\"thumbnailUrl\"   \/><\/div><\/li><\/ul><\/div><\/div>\n<div id='welcome'  class='av-layout-grid-container av-1k2os0r-5f2042d7449a2bc34133e271d538ad5c entry-content-wrapper main_color av-fixed-cells  avia-builder-el-1  el_after_av_slideshow_full  el_before_av_hr  grid-row-not-first  container_wrap sidebar_right'  >\n<style type=\"text\/css\" data-created_by=\"avia_inline_auto\" id=\"style-css-av-1hl2ebv-3e5d4500cf800ffe9dd55e251f18700f\">\n.flex_cell.av-1hl2ebv-3e5d4500cf800ffe9dd55e251f18700f{\nvertical-align:top;\nheight:15px;\nmin-height:15px;\nbackground-color:#ddbe68;\n}\n.responsive #top #wrap_all .flex_cell.av-1hl2ebv-3e5d4500cf800ffe9dd55e251f18700f{\npadding:0px 0px 0px 0px !important;\n}\n<\/style>\n<div class='flex_cell av-1hl2ebv-3e5d4500cf800ffe9dd55e251f18700f av-gridrow-cell av_one_fourth no_margin  avia-builder-el-2  el_before_av_cell_one_fourth  avia-builder-el-first  content-align-top av-zero-padding'  ><div class='flex_cell_inner'><\/div><\/div>\n<style type=\"text\/css\" data-created_by=\"avia_inline_auto\" id=\"style-css-av-1fs4fnv-69885f00e6332e0b1277adc6054be83d\">\n.flex_cell.av-1fs4fnv-69885f00e6332e0b1277adc6054be83d{\nvertical-align:top;\nheight:15px;\nmin-height:15px;\nbackground-color:#e8cb6d;\n}\n.responsive #top #wrap_all .flex_cell.av-1fs4fnv-69885f00e6332e0b1277adc6054be83d{\npadding:0px 0px 0px 0px !important;\n}\n<\/style>\n<div class='flex_cell av-1fs4fnv-69885f00e6332e0b1277adc6054be83d av-gridrow-cell av_one_fourth no_margin  avia-builder-el-3  el_after_av_cell_one_fourth  el_before_av_cell_one_fourth  content-align-top av-zero-padding'  ><div class='flex_cell_inner'><\/div><\/div>\n<style type=\"text\/css\" data-created_by=\"avia_inline_auto\" id=\"style-css-av-1en262j-842606dfea54ff673d16d021abc9bcbf\">\n.flex_cell.av-1en262j-842606dfea54ff673d16d021abc9bcbf{\nvertical-align:top;\nheight:15px;\nmin-height:15px;\nbackground-color:#e8d28b;\n}\n.responsive #top #wrap_all .flex_cell.av-1en262j-842606dfea54ff673d16d021abc9bcbf{\npadding:0px 0px 0px 0px !important;\n}\n<\/style>\n<div class='flex_cell av-1en262j-842606dfea54ff673d16d021abc9bcbf av-gridrow-cell av_one_fourth no_margin  avia-builder-el-4  el_after_av_cell_one_fourth  el_before_av_cell_one_fourth  content-align-top av-zero-padding'  ><div class='flex_cell_inner'><\/div><\/div>\n<style type=\"text\/css\" data-created_by=\"avia_inline_auto\" id=\"style-css-av-4umobv-26b92e0b3347b1a14913625373d46e46\">\n.flex_cell.av-4umobv-26b92e0b3347b1a14913625373d46e46{\nvertical-align:top;\nheight:15px;\nmin-height:15px;\nbackground-color:#efdea7;\n}\n.responsive #top #wrap_all .flex_cell.av-4umobv-26b92e0b3347b1a14913625373d46e46{\npadding:0px 0px 0px 0px !important;\n}\n<\/style>\n<div class='flex_cell av-4umobv-26b92e0b3347b1a14913625373d46e46 av-gridrow-cell av_one_fourth no_margin  avia-builder-el-5  el_after_av_cell_one_fourth  avia-builder-el-last  content-align-top av-zero-padding'  ><div class='flex_cell_inner'><\/div><\/div><\/div><div id='after_grid_row_1'  class='main_color av_default_container_wrap container_wrap sidebar_right'  ><div class='container av-section-cont-open' ><div class='template-page content  av-content-small alpha units'><div class='post-entry post-entry-type-page post-entry-1147'><div class='entry-content-wrapper clearfix'>\n\n<style type=\"text\/css\" data-created_by=\"avia_inline_auto\" id=\"style-css-av-1amk1u3-a01802af3f29ac4f08f9ca4cb68003f2\">\n#top .hr.hr-invisible.av-1amk1u3-a01802af3f29ac4f08f9ca4cb68003f2{\nheight:12px;\n}\n<\/style>\n<div  class='hr av-1amk1u3-a01802af3f29ac4f08f9ca4cb68003f2 hr-invisible  avia-builder-el-6  el_after_av_layout_row  el_before_av_heading  avia-builder-el-first '><span class='hr-inner '><span class=\"hr-inner-style\"><\/span><\/span><\/div>\n\n<style type=\"text\/css\" data-created_by=\"avia_inline_auto\" id=\"style-css-av-5vkep7-c9e5a5a20c430f2db065f59d5f7b71e1\">\n#top .av-special-heading.av-5vkep7-c9e5a5a20c430f2db065f59d5f7b71e1{\npadding-bottom:77px;\nfont-size:66px;\n}\nbody .av-special-heading.av-5vkep7-c9e5a5a20c430f2db065f59d5f7b71e1 .av-special-heading-tag .heading-char{\nfont-size:25px;\n}\n#top #wrap_all .av-special-heading.av-5vkep7-c9e5a5a20c430f2db065f59d5f7b71e1 .av-special-heading-tag{\nfont-size:66px;\n}\n.av-special-heading.av-5vkep7-c9e5a5a20c430f2db065f59d5f7b71e1 .av-subheading{\nfont-size:15px;\n}\n\n@media only screen and (min-width: 480px) and (max-width: 767px){ \n#top #wrap_all .av-special-heading.av-5vkep7-c9e5a5a20c430f2db065f59d5f7b71e1 .av-special-heading-tag{\nfont-size:0.8em;\n}\n}\n\n@media only screen and (max-width: 479px){ \n#top #wrap_all .av-special-heading.av-5vkep7-c9e5a5a20c430f2db065f59d5f7b71e1 .av-special-heading-tag{\nfont-size:0.8em;\n}\n}\n<\/style>\n<div  class='av-special-heading av-5vkep7-c9e5a5a20c430f2db065f59d5f7b71e1 av-special-heading-h2 blockquote modern-quote modern-centered  avia-builder-el-7  el_after_av_hr  el_before_av_textblock  av-inherit-size'><h2 class='av-special-heading-tag '  itemprop=\"headline\"  >Feel at Home in our Omesberg Double Room<\/h2><div class=\"special-heading-border\"><div class=\"special-heading-inner-border\"><\/div><\/div><\/div>\n\n<style type=\"text\/css\" data-created_by=\"avia_inline_auto\" id=\"style-css-av-17jbf63-a9ad632e1c0c19fd614c07e6d827f218\">\n#top .av_textblock_section.av-17jbf63-a9ad632e1c0c19fd614c07e6d827f218 .avia_textblock{\nfont-size:24px;\n}\n<\/style>\n<section  class='av_textblock_section av-17jbf63-a9ad632e1c0c19fd614c07e6d827f218 '   itemscope=\"itemscope\" itemtype=\"https:\/\/schema.org\/CreativeWork\" ><div class='avia_textblock'  itemprop=\"text\" ><p style=\"text-align: center;\">Each detail has been carefully composed for the perfect balance of contemporary sophistication and rich amenities. These spacious accommodations with historic touches feature full bathrooms with tub and separate toilet, and a balcony. Special touches include a sitting area, writing desk, flat screen television, telephone, safe, plush cotton robes (in winter) and hair dryer. Thoughtful amenities include beds with an extended length and without footboard.<\/p>\n<p style=\"text-align: center;\">This room type includes Room No. 34, our spacious Family Room on the third floor (35 square meters). Appointed in a traditional country house design, this ample accommodation features a full bathroom with shower and separate toilet, and a sitting area (or double sofa bed). Room amenities include a writing desk, flat screen television, telephone, safe, plush cotton robes (in winter) and hair dryer.<\/p>\n<\/div><\/section>\n\n<style type=\"text\/css\" data-created_by=\"avia_inline_auto\" id=\"style-css-av-1643aa3-6de5e0764a98472aa7c7a7e5ac9f355b\">\n#top .hr.hr-invisible.av-1643aa3-6de5e0764a98472aa7c7a7e5ac9f355b{\nheight:12px;\n}\n<\/style>\n<div  class='hr av-1643aa3-6de5e0764a98472aa7c7a7e5ac9f355b hr-invisible  avia-builder-el-9  el_after_av_textblock  el_before_av_one_half '><span class='hr-inner '><span class=\"hr-inner-style\"><\/span><\/span><\/div>\n\n<style type=\"text\/css\" data-created_by=\"avia_inline_auto\" id=\"style-css-av-13vbmcr-0df791bc1c1170a6555063cebdbcc75c\">\n.flex_column.av-13vbmcr-0df791bc1c1170a6555063cebdbcc75c{\nborder-radius:0px 0px 0px 0px;\npadding:0px 0px 0px 0px;\n}\n<\/style>\n<div  class='flex_column av-13vbmcr-0df791bc1c1170a6555063cebdbcc75c av_one_half  avia-builder-el-10  el_after_av_hr  el_before_av_one_half  first flex_column_div av-zero-column-padding  '     ><style type=\"text\/css\" data-created_by=\"avia_inline_auto\" id=\"style-css-av-13a5vij-41f75551e20fbdddedd6da46f7841496\">\n#top .av_textblock_section.av-13a5vij-41f75551e20fbdddedd6da46f7841496 .avia_textblock{\nfont-size:24px;\n}\n<\/style>\n<section  class='av_textblock_section av-13a5vij-41f75551e20fbdddedd6da46f7841496 '   itemscope=\"itemscope\" itemtype=\"https:\/\/schema.org\/CreativeWork\" ><div class='avia_textblock'  itemprop=\"text\" ><p><img decoding=\"async\" class=\"aligncenter size-full wp-image-1088\" src=\"https:\/\/www.laerchenhof-lech.at\/wp-content\/uploads\/2017\/02\/grundriss-doppelzimmer-omesberg-hotel-laerchenhof-in-lech-am-arlberg.jpg\" alt=\"\" width=\"612\" height=\"\" srcset=\"https:\/\/www.laerchenhof-lech.at\/wp-content\/uploads\/2017\/02\/grundriss-doppelzimmer-omesberg-hotel-laerchenhof-in-lech-am-arlberg.jpg 680w, https:\/\/www.laerchenhof-lech.at\/wp-content\/uploads\/2017\/02\/grundriss-doppelzimmer-omesberg-hotel-laerchenhof-in-lech-am-arlberg-265x300.jpg 265w, https:\/\/www.laerchenhof-lech.at\/wp-content\/uploads\/2017\/02\/grundriss-doppelzimmer-omesberg-hotel-laerchenhof-in-lech-am-arlberg-623x705.jpg 623w, https:\/\/www.laerchenhof-lech.at\/wp-content\/uploads\/2017\/02\/grundriss-doppelzimmer-omesberg-hotel-laerchenhof-in-lech-am-arlberg-450x510.jpg 450w\" sizes=\"(max-width: 680px) 100vw, 680px\" \/><\/p>\n<\/div><\/section><\/div>\n\n<style type=\"text\/css\" data-created_by=\"avia_inline_auto\" id=\"style-css-av-10rompn-21e928408e925b1d2bf2fa09f6d048db\">\n.flex_column.av-10rompn-21e928408e925b1d2bf2fa09f6d048db{\nborder-radius:0px 0px 0px 0px;\npadding:0px 0px 0px 0px;\n}\n<\/style>\n<div  class='flex_column av-10rompn-21e928408e925b1d2bf2fa09f6d048db av_one_half  avia-builder-el-12  el_after_av_one_half  el_before_av_hr  flex_column_div av-zero-column-padding  '     ><style type=\"text\/css\" data-created_by=\"avia_inline_auto\" id=\"style-css-av-10a0hh7-786a78da15ac689ff1b32e8ddd0f2cc2\">\n#top .av_textblock_section.av-10a0hh7-786a78da15ac689ff1b32e8ddd0f2cc2 .avia_textblock{\nfont-size:24px;\n}\n<\/style>\n<section  class='av_textblock_section av-10a0hh7-786a78da15ac689ff1b32e8ddd0f2cc2 '   itemscope=\"itemscope\" itemtype=\"https:\/\/schema.org\/CreativeWork\" ><div class='avia_textblock'  itemprop=\"text\" ><p><img decoding=\"async\" class=\"aligncenter size-full wp-image-1087\" src=\"https:\/\/www.laerchenhof-lech.at\/wp-content\/uploads\/2017\/02\/grundriss-doppelzimmer-omesberg-2-hotel-laerchenhof-in-lech-am-arlberg.jpg\" alt=\"\" width=\"612\" height=\"\" srcset=\"https:\/\/www.laerchenhof-lech.at\/wp-content\/uploads\/2017\/02\/grundriss-doppelzimmer-omesberg-2-hotel-laerchenhof-in-lech-am-arlberg.jpg 680w, https:\/\/www.laerchenhof-lech.at\/wp-content\/uploads\/2017\/02\/grundriss-doppelzimmer-omesberg-2-hotel-laerchenhof-in-lech-am-arlberg-265x300.jpg 265w, https:\/\/www.laerchenhof-lech.at\/wp-content\/uploads\/2017\/02\/grundriss-doppelzimmer-omesberg-2-hotel-laerchenhof-in-lech-am-arlberg-623x705.jpg 623w, https:\/\/www.laerchenhof-lech.at\/wp-content\/uploads\/2017\/02\/grundriss-doppelzimmer-omesberg-2-hotel-laerchenhof-in-lech-am-arlberg-450x510.jpg 450w\" sizes=\"(max-width: 680px) 100vw, 680px\" \/><\/p>\n<\/div><\/section><\/div>\n\n<style type=\"text\/css\" data-created_by=\"avia_inline_auto\" id=\"style-css-av-xpg823-fa94522e58e5e83bf0da0fa4fa2109b6\">\n#top .hr.hr-invisible.av-xpg823-fa94522e58e5e83bf0da0fa4fa2109b6{\nheight:12px;\n}\n<\/style>\n<div  class='hr av-xpg823-fa94522e58e5e83bf0da0fa4fa2109b6 hr-invisible  avia-builder-el-14  el_after_av_one_half  el_before_av_masonry_gallery  avia-builder-el-last '><span class='hr-inner '><span class=\"hr-inner-style\"><\/span><\/span><\/div>\n\n<style type=\"text\/css\" data-created_by=\"avia_inline_auto\" id=\"style-css-av-38p763-a44df36cb3d0c4b265f957f50d4bcb98\">\n#top .av-masonry.av-38p763-a44df36cb3d0c4b265f957f50d4bcb98{\nbackground-color:#fffdf9;\n}\n<\/style>\n<div id='av-masonry-1' class='av-masonry av-38p763-a44df36cb3d0c4b265f957f50d4bcb98 noHover av-flex-size av-large-gap av-hover-overlay- av-masonry-animation-active av-masonry-col-4 av-caption-always av-caption-style- av-masonry-gallery ' data-post_id=\"1147\"><div class=\"av-masonry-container isotope av-js-disabled\"><div class='av-masonry-entry isotope-item av-masonry-item-no-image '><\/div><a href=\"https:\/\/www.laerchenhof-lech.at\/wp-content\/uploads\/2016\/12\/schoenes-wohnen-1h-doppelzimmer-omesberg-hotel-laerchenhof-in-lech-am-arlberg-1030x687.jpg\" data-srcset=\"https:\/\/www.laerchenhof-lech.at\/wp-content\/uploads\/2016\/12\/schoenes-wohnen-1h-doppelzimmer-omesberg-hotel-laerchenhof-in-lech-am-arlberg-1030x687.jpg 1030w, https:\/\/www.laerchenhof-lech.at\/wp-content\/uploads\/2016\/12\/schoenes-wohnen-1h-doppelzimmer-omesberg-hotel-laerchenhof-in-lech-am-arlberg-300x200.jpg 300w, https:\/\/www.laerchenhof-lech.at\/wp-content\/uploads\/2016\/12\/schoenes-wohnen-1h-doppelzimmer-omesberg-hotel-laerchenhof-in-lech-am-arlberg-768x512.jpg 768w, https:\/\/www.laerchenhof-lech.at\/wp-content\/uploads\/2016\/12\/schoenes-wohnen-1h-doppelzimmer-omesberg-hotel-laerchenhof-in-lech-am-arlberg-1500x1000.jpg 1500w, https:\/\/www.laerchenhof-lech.at\/wp-content\/uploads\/2016\/12\/schoenes-wohnen-1h-doppelzimmer-omesberg-hotel-laerchenhof-in-lech-am-arlberg-705x470.jpg 705w, https:\/\/www.laerchenhof-lech.at\/wp-content\/uploads\/2016\/12\/schoenes-wohnen-1h-doppelzimmer-omesberg-hotel-laerchenhof-in-lech-am-arlberg-450x300.jpg 450w, https:\/\/www.laerchenhof-lech.at\/wp-content\/uploads\/2016\/12\/schoenes-wohnen-1h-doppelzimmer-omesberg-hotel-laerchenhof-in-lech-am-arlberg.jpg 1920w\" data-sizes=\"(max-width: 1030px) 100vw, 1030px\"  aria-label=\"image Doppelzimmer im Hotel Garni L\u00e4rchenhof in Lech am Arlberg\"  id='av-masonry-1-item-1870' data-av-masonry-item='1870' class='av-masonry-entry isotope-item post-1870 attachment type-attachment status-inherit hentry  av-masonry-item-with-image' title=\"Doppelzimmer im Hotel Garni L\u00e4rchenhof in Lech am Arlberg\" alt=\"\"    itemprop=\"thumbnailUrl\" ><div class='av-inner-masonry-sizer'><\/div><figure class='av-inner-masonry main_color'><div class=\"av-masonry-outerimage-container\"><div class='av-masonry-image-container'  ><img decoding=\"async\" width=\"705\" height=\"470\" fetchpriority=\"high\" class=\"wp-image-1870 avia-img-lazy-loading-not-1870\"  src=\"https:\/\/www.laerchenhof-lech.at\/wp-content\/uploads\/2016\/12\/schoenes-wohnen-1h-doppelzimmer-omesberg-hotel-laerchenhof-in-lech-am-arlberg-705x470.jpg\" title=\"Doppelzimmer im Hotel Garni L\u00e4rchenhof in Lech am Arlberg\" alt=\"\" srcset=\"https:\/\/www.laerchenhof-lech.at\/wp-content\/uploads\/2016\/12\/schoenes-wohnen-1h-doppelzimmer-omesberg-hotel-laerchenhof-in-lech-am-arlberg-705x470.jpg 705w, https:\/\/www.laerchenhof-lech.at\/wp-content\/uploads\/2016\/12\/schoenes-wohnen-1h-doppelzimmer-omesberg-hotel-laerchenhof-in-lech-am-arlberg-300x200.jpg 300w, https:\/\/www.laerchenhof-lech.at\/wp-content\/uploads\/2016\/12\/schoenes-wohnen-1h-doppelzimmer-omesberg-hotel-laerchenhof-in-lech-am-arlberg-768x512.jpg 768w, https:\/\/www.laerchenhof-lech.at\/wp-content\/uploads\/2016\/12\/schoenes-wohnen-1h-doppelzimmer-omesberg-hotel-laerchenhof-in-lech-am-arlberg-1030x687.jpg 1030w, https:\/\/www.laerchenhof-lech.at\/wp-content\/uploads\/2016\/12\/schoenes-wohnen-1h-doppelzimmer-omesberg-hotel-laerchenhof-in-lech-am-arlberg-1500x1000.jpg 1500w, https:\/\/www.laerchenhof-lech.at\/wp-content\/uploads\/2016\/12\/schoenes-wohnen-1h-doppelzimmer-omesberg-hotel-laerchenhof-in-lech-am-arlberg-450x300.jpg 450w, https:\/\/www.laerchenhof-lech.at\/wp-content\/uploads\/2016\/12\/schoenes-wohnen-1h-doppelzimmer-omesberg-hotel-laerchenhof-in-lech-am-arlberg.jpg 1920w\" sizes=\"(max-width: 705px) 100vw, 705px\" \/><\/div><\/div><\/figure><\/a><!--end av-masonry entry--><a href=\"https:\/\/www.laerchenhof-lech.at\/wp-content\/uploads\/2016\/12\/schoenes-wohnen-1j-doppelzimmer-omesberg-hotel-laerchenhof-in-lech-am-arlberg\u00e4a-1030x595.jpg\" data-srcset=\"https:\/\/www.laerchenhof-lech.at\/wp-content\/uploads\/2016\/12\/schoenes-wohnen-1j-doppelzimmer-omesberg-hotel-laerchenhof-in-lech-am-arlberg\u00e4a-1030x595.jpg 1030w, https:\/\/www.laerchenhof-lech.at\/wp-content\/uploads\/2016\/12\/schoenes-wohnen-1j-doppelzimmer-omesberg-hotel-laerchenhof-in-lech-am-arlberg\u00e4a-300x173.jpg 300w, https:\/\/www.laerchenhof-lech.at\/wp-content\/uploads\/2016\/12\/schoenes-wohnen-1j-doppelzimmer-omesberg-hotel-laerchenhof-in-lech-am-arlberg\u00e4a-768x444.jpg 768w, https:\/\/www.laerchenhof-lech.at\/wp-content\/uploads\/2016\/12\/schoenes-wohnen-1j-doppelzimmer-omesberg-hotel-laerchenhof-in-lech-am-arlberg\u00e4a-1500x866.jpg 1500w, https:\/\/www.laerchenhof-lech.at\/wp-content\/uploads\/2016\/12\/schoenes-wohnen-1j-doppelzimmer-omesberg-hotel-laerchenhof-in-lech-am-arlberg\u00e4a-705x407.jpg 705w, https:\/\/www.laerchenhof-lech.at\/wp-content\/uploads\/2016\/12\/schoenes-wohnen-1j-doppelzimmer-omesberg-hotel-laerchenhof-in-lech-am-arlberg\u00e4a-450x260.jpg 450w, https:\/\/www.laerchenhof-lech.at\/wp-content\/uploads\/2016\/12\/schoenes-wohnen-1j-doppelzimmer-omesberg-hotel-laerchenhof-in-lech-am-arlberg\u00e4a.jpg 1920w\" data-sizes=\"(max-width: 1030px) 100vw, 1030px\"  aria-label=\"image gro\u00dfz\u00fcgige Doppelzimmer im Hotel L\u00e4rchenhof in Lech am Arlberg\"  id='av-masonry-1-item-1871' data-av-masonry-item='1871' class='av-masonry-entry isotope-item post-1871 attachment type-attachment status-inherit hentry  av-masonry-item-with-image' title=\"gro\u00dfz\u00fcgige Doppelzimmer im Hotel L\u00e4rchenhof in Lech am Arlberg\" alt=\"\"    itemprop=\"thumbnailUrl\" ><div class='av-inner-masonry-sizer'><\/div><figure class='av-inner-masonry main_color'><div class=\"av-masonry-outerimage-container\"><div class='av-masonry-image-container'  ><img decoding=\"async\" width=\"705\" height=\"407\" fetchpriority=\"high\" class=\"wp-image-1871 avia-img-lazy-loading-not-1871\"  src=\"https:\/\/www.laerchenhof-lech.at\/wp-content\/uploads\/2016\/12\/schoenes-wohnen-1j-doppelzimmer-omesberg-hotel-laerchenhof-in-lech-am-arlberg\u00e4a-705x407.jpg\" title=\"gro\u00dfz\u00fcgige Doppelzimmer im Hotel L\u00e4rchenhof in Lech am Arlberg\" alt=\"\" srcset=\"https:\/\/www.laerchenhof-lech.at\/wp-content\/uploads\/2016\/12\/schoenes-wohnen-1j-doppelzimmer-omesberg-hotel-laerchenhof-in-lech-am-arlberg\u00e4a-705x407.jpg 705w, https:\/\/www.laerchenhof-lech.at\/wp-content\/uploads\/2016\/12\/schoenes-wohnen-1j-doppelzimmer-omesberg-hotel-laerchenhof-in-lech-am-arlberg\u00e4a-300x173.jpg 300w, https:\/\/www.laerchenhof-lech.at\/wp-content\/uploads\/2016\/12\/schoenes-wohnen-1j-doppelzimmer-omesberg-hotel-laerchenhof-in-lech-am-arlberg\u00e4a-768x444.jpg 768w, https:\/\/www.laerchenhof-lech.at\/wp-content\/uploads\/2016\/12\/schoenes-wohnen-1j-doppelzimmer-omesberg-hotel-laerchenhof-in-lech-am-arlberg\u00e4a-1030x595.jpg 1030w, https:\/\/www.laerchenhof-lech.at\/wp-content\/uploads\/2016\/12\/schoenes-wohnen-1j-doppelzimmer-omesberg-hotel-laerchenhof-in-lech-am-arlberg\u00e4a-1500x866.jpg 1500w, https:\/\/www.laerchenhof-lech.at\/wp-content\/uploads\/2016\/12\/schoenes-wohnen-1j-doppelzimmer-omesberg-hotel-laerchenhof-in-lech-am-arlberg\u00e4a-450x260.jpg 450w, https:\/\/www.laerchenhof-lech.at\/wp-content\/uploads\/2016\/12\/schoenes-wohnen-1j-doppelzimmer-omesberg-hotel-laerchenhof-in-lech-am-arlberg\u00e4a.jpg 1920w\" sizes=\"(max-width: 705px) 100vw, 705px\" \/><\/div><\/div><\/figure><\/a><!--end av-masonry entry--><a href=\"https:\/\/www.laerchenhof-lech.at\/wp-content\/uploads\/2016\/12\/schoenes-wohnen-1k-doppelzimmer-omesberg-hotel-laerchenhof-in-lech-am-arlberg-1030x687.jpg\" data-srcset=\"https:\/\/www.laerchenhof-lech.at\/wp-content\/uploads\/2016\/12\/schoenes-wohnen-1k-doppelzimmer-omesberg-hotel-laerchenhof-in-lech-am-arlberg-1030x687.jpg 1030w, https:\/\/www.laerchenhof-lech.at\/wp-content\/uploads\/2016\/12\/schoenes-wohnen-1k-doppelzimmer-omesberg-hotel-laerchenhof-in-lech-am-arlberg-300x200.jpg 300w, https:\/\/www.laerchenhof-lech.at\/wp-content\/uploads\/2016\/12\/schoenes-wohnen-1k-doppelzimmer-omesberg-hotel-laerchenhof-in-lech-am-arlberg-768x512.jpg 768w, https:\/\/www.laerchenhof-lech.at\/wp-content\/uploads\/2016\/12\/schoenes-wohnen-1k-doppelzimmer-omesberg-hotel-laerchenhof-in-lech-am-arlberg-1500x1000.jpg 1500w, https:\/\/www.laerchenhof-lech.at\/wp-content\/uploads\/2016\/12\/schoenes-wohnen-1k-doppelzimmer-omesberg-hotel-laerchenhof-in-lech-am-arlberg-705x470.jpg 705w, https:\/\/www.laerchenhof-lech.at\/wp-content\/uploads\/2016\/12\/schoenes-wohnen-1k-doppelzimmer-omesberg-hotel-laerchenhof-in-lech-am-arlberg-450x300.jpg 450w, https:\/\/www.laerchenhof-lech.at\/wp-content\/uploads\/2016\/12\/schoenes-wohnen-1k-doppelzimmer-omesberg-hotel-laerchenhof-in-lech-am-arlberg.jpg 1920w\" data-sizes=\"(max-width: 1030px) 100vw, 1030px\"  aria-label=\"image Detailfoto Doppelzimmer im Hotel L\u00e4rchenhof in Lech am Arlberg\"  id='av-masonry-1-item-1872' data-av-masonry-item='1872' class='av-masonry-entry isotope-item post-1872 attachment type-attachment status-inherit hentry  av-masonry-item-with-image' title=\"Detailfoto Doppelzimmer im Hotel L\u00e4rchenhof in Lech am Arlberg\" alt=\"\"    itemprop=\"thumbnailUrl\" ><div class='av-inner-masonry-sizer'><\/div><figure class='av-inner-masonry main_color'><div class=\"av-masonry-outerimage-container\"><div class='av-masonry-image-container'  ><img decoding=\"async\" width=\"705\" height=\"470\" fetchpriority=\"high\" class=\"wp-image-1872 avia-img-lazy-loading-not-1872\"  src=\"https:\/\/www.laerchenhof-lech.at\/wp-content\/uploads\/2016\/12\/schoenes-wohnen-1k-doppelzimmer-omesberg-hotel-laerchenhof-in-lech-am-arlberg-705x470.jpg\" title=\"Detailfoto Doppelzimmer im Hotel L\u00e4rchenhof in Lech am Arlberg\" alt=\"\" srcset=\"https:\/\/www.laerchenhof-lech.at\/wp-content\/uploads\/2016\/12\/schoenes-wohnen-1k-doppelzimmer-omesberg-hotel-laerchenhof-in-lech-am-arlberg-705x470.jpg 705w, https:\/\/www.laerchenhof-lech.at\/wp-content\/uploads\/2016\/12\/schoenes-wohnen-1k-doppelzimmer-omesberg-hotel-laerchenhof-in-lech-am-arlberg-300x200.jpg 300w, https:\/\/www.laerchenhof-lech.at\/wp-content\/uploads\/2016\/12\/schoenes-wohnen-1k-doppelzimmer-omesberg-hotel-laerchenhof-in-lech-am-arlberg-768x512.jpg 768w, https:\/\/www.laerchenhof-lech.at\/wp-content\/uploads\/2016\/12\/schoenes-wohnen-1k-doppelzimmer-omesberg-hotel-laerchenhof-in-lech-am-arlberg-1030x687.jpg 1030w, https:\/\/www.laerchenhof-lech.at\/wp-content\/uploads\/2016\/12\/schoenes-wohnen-1k-doppelzimmer-omesberg-hotel-laerchenhof-in-lech-am-arlberg-1500x1000.jpg 1500w, https:\/\/www.laerchenhof-lech.at\/wp-content\/uploads\/2016\/12\/schoenes-wohnen-1k-doppelzimmer-omesberg-hotel-laerchenhof-in-lech-am-arlberg-450x300.jpg 450w, https:\/\/www.laerchenhof-lech.at\/wp-content\/uploads\/2016\/12\/schoenes-wohnen-1k-doppelzimmer-omesberg-hotel-laerchenhof-in-lech-am-arlberg.jpg 1920w\" sizes=\"(max-width: 705px) 100vw, 705px\" \/><\/div><\/div><\/figure><\/a><!--end av-masonry entry--><a href=\"https:\/\/www.laerchenhof-lech.at\/wp-content\/uploads\/2016\/12\/schoenes-wohnen-1l-doppelzimmer-omesberg-hotel-laerchenhof-in-lech-am-arlberg-1030x584.jpg\" data-srcset=\"https:\/\/www.laerchenhof-lech.at\/wp-content\/uploads\/2016\/12\/schoenes-wohnen-1l-doppelzimmer-omesberg-hotel-laerchenhof-in-lech-am-arlberg-1030x584.jpg 1030w, https:\/\/www.laerchenhof-lech.at\/wp-content\/uploads\/2016\/12\/schoenes-wohnen-1l-doppelzimmer-omesberg-hotel-laerchenhof-in-lech-am-arlberg-300x170.jpg 300w, https:\/\/www.laerchenhof-lech.at\/wp-content\/uploads\/2016\/12\/schoenes-wohnen-1l-doppelzimmer-omesberg-hotel-laerchenhof-in-lech-am-arlberg-768x436.jpg 768w, https:\/\/www.laerchenhof-lech.at\/wp-content\/uploads\/2016\/12\/schoenes-wohnen-1l-doppelzimmer-omesberg-hotel-laerchenhof-in-lech-am-arlberg-1500x851.jpg 1500w, https:\/\/www.laerchenhof-lech.at\/wp-content\/uploads\/2016\/12\/schoenes-wohnen-1l-doppelzimmer-omesberg-hotel-laerchenhof-in-lech-am-arlberg-705x400.jpg 705w, https:\/\/www.laerchenhof-lech.at\/wp-content\/uploads\/2016\/12\/schoenes-wohnen-1l-doppelzimmer-omesberg-hotel-laerchenhof-in-lech-am-arlberg-450x255.jpg 450w, https:\/\/www.laerchenhof-lech.at\/wp-content\/uploads\/2016\/12\/schoenes-wohnen-1l-doppelzimmer-omesberg-hotel-laerchenhof-in-lech-am-arlberg.jpg 1920w\" data-sizes=\"(max-width: 1030px) 100vw, 1030px\"  aria-label=\"image Bad im Hotel L\u00e4rchenhof in Lech am Arlberg\"  id='av-masonry-1-item-1873' data-av-masonry-item='1873' class='av-masonry-entry isotope-item post-1873 attachment type-attachment status-inherit hentry  av-masonry-item-with-image' title=\"Bad im Hotel L\u00e4rchenhof in Lech am Arlberg\" alt=\"\"    itemprop=\"thumbnailUrl\" ><div class='av-inner-masonry-sizer'><\/div><figure class='av-inner-masonry main_color'><div class=\"av-masonry-outerimage-container\"><div class='av-masonry-image-container'  ><img decoding=\"async\" width=\"705\" height=\"400\" fetchpriority=\"high\" class=\"wp-image-1873 avia-img-lazy-loading-not-1873\"  src=\"https:\/\/www.laerchenhof-lech.at\/wp-content\/uploads\/2016\/12\/schoenes-wohnen-1l-doppelzimmer-omesberg-hotel-laerchenhof-in-lech-am-arlberg-705x400.jpg\" title=\"Bad im Hotel L\u00e4rchenhof in Lech am Arlberg\" alt=\"\" srcset=\"https:\/\/www.laerchenhof-lech.at\/wp-content\/uploads\/2016\/12\/schoenes-wohnen-1l-doppelzimmer-omesberg-hotel-laerchenhof-in-lech-am-arlberg-705x400.jpg 705w, https:\/\/www.laerchenhof-lech.at\/wp-content\/uploads\/2016\/12\/schoenes-wohnen-1l-doppelzimmer-omesberg-hotel-laerchenhof-in-lech-am-arlberg-300x170.jpg 300w, https:\/\/www.laerchenhof-lech.at\/wp-content\/uploads\/2016\/12\/schoenes-wohnen-1l-doppelzimmer-omesberg-hotel-laerchenhof-in-lech-am-arlberg-768x436.jpg 768w, https:\/\/www.laerchenhof-lech.at\/wp-content\/uploads\/2016\/12\/schoenes-wohnen-1l-doppelzimmer-omesberg-hotel-laerchenhof-in-lech-am-arlberg-1030x584.jpg 1030w, https:\/\/www.laerchenhof-lech.at\/wp-content\/uploads\/2016\/12\/schoenes-wohnen-1l-doppelzimmer-omesberg-hotel-laerchenhof-in-lech-am-arlberg-1500x851.jpg 1500w, https:\/\/www.laerchenhof-lech.at\/wp-content\/uploads\/2016\/12\/schoenes-wohnen-1l-doppelzimmer-omesberg-hotel-laerchenhof-in-lech-am-arlberg-450x255.jpg 450w, https:\/\/www.laerchenhof-lech.at\/wp-content\/uploads\/2016\/12\/schoenes-wohnen-1l-doppelzimmer-omesberg-hotel-laerchenhof-in-lech-am-arlberg.jpg 1920w\" sizes=\"(max-width: 705px) 100vw, 705px\" \/><\/div><\/div><\/figure><\/a><!--end av-masonry entry--><a href=\"https:\/\/www.laerchenhof-lech.at\/wp-content\/uploads\/2016\/12\/schoenes-wohnen-1m-doppelzimmer-omesberg-hotel-laerchenhof-in-lech-am-arlberg-1030x687.jpg\" data-srcset=\"https:\/\/www.laerchenhof-lech.at\/wp-content\/uploads\/2016\/12\/schoenes-wohnen-1m-doppelzimmer-omesberg-hotel-laerchenhof-in-lech-am-arlberg-1030x687.jpg 1030w, https:\/\/www.laerchenhof-lech.at\/wp-content\/uploads\/2016\/12\/schoenes-wohnen-1m-doppelzimmer-omesberg-hotel-laerchenhof-in-lech-am-arlberg-300x200.jpg 300w, https:\/\/www.laerchenhof-lech.at\/wp-content\/uploads\/2016\/12\/schoenes-wohnen-1m-doppelzimmer-omesberg-hotel-laerchenhof-in-lech-am-arlberg-768x512.jpg 768w, https:\/\/www.laerchenhof-lech.at\/wp-content\/uploads\/2016\/12\/schoenes-wohnen-1m-doppelzimmer-omesberg-hotel-laerchenhof-in-lech-am-arlberg-1500x1000.jpg 1500w, https:\/\/www.laerchenhof-lech.at\/wp-content\/uploads\/2016\/12\/schoenes-wohnen-1m-doppelzimmer-omesberg-hotel-laerchenhof-in-lech-am-arlberg-705x470.jpg 705w, https:\/\/www.laerchenhof-lech.at\/wp-content\/uploads\/2016\/12\/schoenes-wohnen-1m-doppelzimmer-omesberg-hotel-laerchenhof-in-lech-am-arlberg-450x300.jpg 450w, https:\/\/www.laerchenhof-lech.at\/wp-content\/uploads\/2016\/12\/schoenes-wohnen-1m-doppelzimmer-omesberg-hotel-laerchenhof-in-lech-am-arlberg.jpg 1920w\" data-sizes=\"(max-width: 1030px) 100vw, 1030px\"  aria-label=\"image Doppelzimmer Omesberg Var. im Hotel L\u00e4rchenhof in Lech am Arlberg\"  id='av-masonry-1-item-1874' data-av-masonry-item='1874' class='av-masonry-entry isotope-item post-1874 attachment type-attachment status-inherit hentry  av-masonry-item-with-image' title=\"Doppelzimmer Omesberg Var. im Hotel L\u00e4rchenhof in Lech am Arlberg\" alt=\"\"    itemprop=\"thumbnailUrl\" ><div class='av-inner-masonry-sizer'><\/div><figure class='av-inner-masonry main_color'><div class=\"av-masonry-outerimage-container\"><div class='av-masonry-image-container'  ><img decoding=\"async\" width=\"705\" height=\"470\" fetchpriority=\"high\" class=\"wp-image-1874 avia-img-lazy-loading-not-1874\"  src=\"https:\/\/www.laerchenhof-lech.at\/wp-content\/uploads\/2016\/12\/schoenes-wohnen-1m-doppelzimmer-omesberg-hotel-laerchenhof-in-lech-am-arlberg-705x470.jpg\" title=\"Doppelzimmer Omesberg Var. im Hotel L\u00e4rchenhof in Lech am Arlberg\" alt=\"\" srcset=\"https:\/\/www.laerchenhof-lech.at\/wp-content\/uploads\/2016\/12\/schoenes-wohnen-1m-doppelzimmer-omesberg-hotel-laerchenhof-in-lech-am-arlberg-705x470.jpg 705w, https:\/\/www.laerchenhof-lech.at\/wp-content\/uploads\/2016\/12\/schoenes-wohnen-1m-doppelzimmer-omesberg-hotel-laerchenhof-in-lech-am-arlberg-300x200.jpg 300w, https:\/\/www.laerchenhof-lech.at\/wp-content\/uploads\/2016\/12\/schoenes-wohnen-1m-doppelzimmer-omesberg-hotel-laerchenhof-in-lech-am-arlberg-768x512.jpg 768w, https:\/\/www.laerchenhof-lech.at\/wp-content\/uploads\/2016\/12\/schoenes-wohnen-1m-doppelzimmer-omesberg-hotel-laerchenhof-in-lech-am-arlberg-1030x687.jpg 1030w, https:\/\/www.laerchenhof-lech.at\/wp-content\/uploads\/2016\/12\/schoenes-wohnen-1m-doppelzimmer-omesberg-hotel-laerchenhof-in-lech-am-arlberg-1500x1000.jpg 1500w, https:\/\/www.laerchenhof-lech.at\/wp-content\/uploads\/2016\/12\/schoenes-wohnen-1m-doppelzimmer-omesberg-hotel-laerchenhof-in-lech-am-arlberg-450x300.jpg 450w, https:\/\/www.laerchenhof-lech.at\/wp-content\/uploads\/2016\/12\/schoenes-wohnen-1m-doppelzimmer-omesberg-hotel-laerchenhof-in-lech-am-arlberg.jpg 1920w\" sizes=\"(max-width: 705px) 100vw, 705px\" \/><\/div><\/div><\/figure><\/a><!--end av-masonry entry--><a href=\"https:\/\/www.laerchenhof-lech.at\/wp-content\/uploads\/2016\/12\/schoenes-wohnen-1n-doppelzimmer-omesberg-hotel-laerchenhof-in-lech-am-arlberg-1030x687.jpg\" data-srcset=\"https:\/\/www.laerchenhof-lech.at\/wp-content\/uploads\/2016\/12\/schoenes-wohnen-1n-doppelzimmer-omesberg-hotel-laerchenhof-in-lech-am-arlberg-1030x687.jpg 1030w, https:\/\/www.laerchenhof-lech.at\/wp-content\/uploads\/2016\/12\/schoenes-wohnen-1n-doppelzimmer-omesberg-hotel-laerchenhof-in-lech-am-arlberg-300x200.jpg 300w, https:\/\/www.laerchenhof-lech.at\/wp-content\/uploads\/2016\/12\/schoenes-wohnen-1n-doppelzimmer-omesberg-hotel-laerchenhof-in-lech-am-arlberg-768x512.jpg 768w, https:\/\/www.laerchenhof-lech.at\/wp-content\/uploads\/2016\/12\/schoenes-wohnen-1n-doppelzimmer-omesberg-hotel-laerchenhof-in-lech-am-arlberg-1500x1000.jpg 1500w, https:\/\/www.laerchenhof-lech.at\/wp-content\/uploads\/2016\/12\/schoenes-wohnen-1n-doppelzimmer-omesberg-hotel-laerchenhof-in-lech-am-arlberg-705x470.jpg 705w, https:\/\/www.laerchenhof-lech.at\/wp-content\/uploads\/2016\/12\/schoenes-wohnen-1n-doppelzimmer-omesberg-hotel-laerchenhof-in-lech-am-arlberg-450x300.jpg 450w, https:\/\/www.laerchenhof-lech.at\/wp-content\/uploads\/2016\/12\/schoenes-wohnen-1n-doppelzimmer-omesberg-hotel-laerchenhof-in-lech-am-arlberg.jpg 1920w\" data-sizes=\"(max-width: 1030px) 100vw, 1030px\"  aria-label=\"image Aussicht DZ im Hotel L\u00e4rchenhof in Lech\"  id='av-masonry-1-item-1875' data-av-masonry-item='1875' class='av-masonry-entry isotope-item post-1875 attachment type-attachment status-inherit hentry  av-masonry-item-with-image' title=\"Aussicht DZ im Hotel L\u00e4rchenhof in Lech\" alt=\"\"    itemprop=\"thumbnailUrl\" ><div class='av-inner-masonry-sizer'><\/div><figure class='av-inner-masonry main_color'><div class=\"av-masonry-outerimage-container\"><div class='av-masonry-image-container'  ><img decoding=\"async\" width=\"705\" height=\"470\" fetchpriority=\"high\" class=\"wp-image-1875 avia-img-lazy-loading-not-1875\"  src=\"https:\/\/www.laerchenhof-lech.at\/wp-content\/uploads\/2016\/12\/schoenes-wohnen-1n-doppelzimmer-omesberg-hotel-laerchenhof-in-lech-am-arlberg-705x470.jpg\" title=\"Aussicht DZ im Hotel L\u00e4rchenhof in Lech\" alt=\"\" srcset=\"https:\/\/www.laerchenhof-lech.at\/wp-content\/uploads\/2016\/12\/schoenes-wohnen-1n-doppelzimmer-omesberg-hotel-laerchenhof-in-lech-am-arlberg-705x470.jpg 705w, https:\/\/www.laerchenhof-lech.at\/wp-content\/uploads\/2016\/12\/schoenes-wohnen-1n-doppelzimmer-omesberg-hotel-laerchenhof-in-lech-am-arlberg-300x200.jpg 300w, https:\/\/www.laerchenhof-lech.at\/wp-content\/uploads\/2016\/12\/schoenes-wohnen-1n-doppelzimmer-omesberg-hotel-laerchenhof-in-lech-am-arlberg-768x512.jpg 768w, https:\/\/www.laerchenhof-lech.at\/wp-content\/uploads\/2016\/12\/schoenes-wohnen-1n-doppelzimmer-omesberg-hotel-laerchenhof-in-lech-am-arlberg-1030x687.jpg 1030w, https:\/\/www.laerchenhof-lech.at\/wp-content\/uploads\/2016\/12\/schoenes-wohnen-1n-doppelzimmer-omesberg-hotel-laerchenhof-in-lech-am-arlberg-1500x1000.jpg 1500w, https:\/\/www.laerchenhof-lech.at\/wp-content\/uploads\/2016\/12\/schoenes-wohnen-1n-doppelzimmer-omesberg-hotel-laerchenhof-in-lech-am-arlberg-450x300.jpg 450w, https:\/\/www.laerchenhof-lech.at\/wp-content\/uploads\/2016\/12\/schoenes-wohnen-1n-doppelzimmer-omesberg-hotel-laerchenhof-in-lech-am-arlberg.jpg 1920w\" sizes=\"(max-width: 705px) 100vw, 705px\" \/><\/div><\/div><\/figure><\/a><!--end av-masonry entry--><a href=\"https:\/\/www.laerchenhof-lech.at\/wp-content\/uploads\/2016\/12\/schoenes-wohnen-1b-doppelzimmer-omesberg-hotel-laerchenhof-in-lech-am-arlberg-1030x687.jpg\" data-srcset=\"https:\/\/www.laerchenhof-lech.at\/wp-content\/uploads\/2016\/12\/schoenes-wohnen-1b-doppelzimmer-omesberg-hotel-laerchenhof-in-lech-am-arlberg-1030x687.jpg 1030w, https:\/\/www.laerchenhof-lech.at\/wp-content\/uploads\/2016\/12\/schoenes-wohnen-1b-doppelzimmer-omesberg-hotel-laerchenhof-in-lech-am-arlberg-300x200.jpg 300w, https:\/\/www.laerchenhof-lech.at\/wp-content\/uploads\/2016\/12\/schoenes-wohnen-1b-doppelzimmer-omesberg-hotel-laerchenhof-in-lech-am-arlberg-768x512.jpg 768w, https:\/\/www.laerchenhof-lech.at\/wp-content\/uploads\/2016\/12\/schoenes-wohnen-1b-doppelzimmer-omesberg-hotel-laerchenhof-in-lech-am-arlberg-705x470.jpg 705w, https:\/\/www.laerchenhof-lech.at\/wp-content\/uploads\/2016\/12\/schoenes-wohnen-1b-doppelzimmer-omesberg-hotel-laerchenhof-in-lech-am-arlberg-450x300.jpg 450w, https:\/\/www.laerchenhof-lech.at\/wp-content\/uploads\/2016\/12\/schoenes-wohnen-1b-doppelzimmer-omesberg-hotel-laerchenhof-in-lech-am-arlberg.jpg 1348w\" data-sizes=\"(max-width: 1030px) 100vw, 1030px\"  aria-label=\"image image with no title\"  id='av-masonry-1-item-1876' data-av-masonry-item='1876' class='av-masonry-entry isotope-item post-1876 attachment type-attachment status-inherit hentry  av-masonry-item-with-image' title=\"\" alt=\"\"    itemprop=\"thumbnailUrl\" ><div class='av-inner-masonry-sizer'><\/div><figure class='av-inner-masonry main_color'><div class=\"av-masonry-outerimage-container\"><div class='av-masonry-image-container'  ><img decoding=\"async\" width=\"705\" height=\"470\" fetchpriority=\"high\" class=\"wp-image-1876 avia-img-lazy-loading-not-1876\"  src=\"https:\/\/www.laerchenhof-lech.at\/wp-content\/uploads\/2016\/12\/schoenes-wohnen-1b-doppelzimmer-omesberg-hotel-laerchenhof-in-lech-am-arlberg-705x470.jpg\" title=\"\" alt=\"\" srcset=\"https:\/\/www.laerchenhof-lech.at\/wp-content\/uploads\/2016\/12\/schoenes-wohnen-1b-doppelzimmer-omesberg-hotel-laerchenhof-in-lech-am-arlberg-705x470.jpg 705w, https:\/\/www.laerchenhof-lech.at\/wp-content\/uploads\/2016\/12\/schoenes-wohnen-1b-doppelzimmer-omesberg-hotel-laerchenhof-in-lech-am-arlberg-300x200.jpg 300w, https:\/\/www.laerchenhof-lech.at\/wp-content\/uploads\/2016\/12\/schoenes-wohnen-1b-doppelzimmer-omesberg-hotel-laerchenhof-in-lech-am-arlberg-768x512.jpg 768w, https:\/\/www.laerchenhof-lech.at\/wp-content\/uploads\/2016\/12\/schoenes-wohnen-1b-doppelzimmer-omesberg-hotel-laerchenhof-in-lech-am-arlberg-1030x687.jpg 1030w, https:\/\/www.laerchenhof-lech.at\/wp-content\/uploads\/2016\/12\/schoenes-wohnen-1b-doppelzimmer-omesberg-hotel-laerchenhof-in-lech-am-arlberg-450x300.jpg 450w, https:\/\/www.laerchenhof-lech.at\/wp-content\/uploads\/2016\/12\/schoenes-wohnen-1b-doppelzimmer-omesberg-hotel-laerchenhof-in-lech-am-arlberg.jpg 1348w\" sizes=\"(max-width: 705px) 100vw, 705px\" \/><\/div><\/div><\/figure><\/a><!--end av-masonry entry--><a href=\"https:\/\/www.laerchenhof-lech.at\/wp-content\/uploads\/2016\/12\/schoenes-wohnen-1c-doppelzimmer-omesberg-hotel-laerchenhof-in-lech-am-arlberg-1030x687.jpg\" data-srcset=\"https:\/\/www.laerchenhof-lech.at\/wp-content\/uploads\/2016\/12\/schoenes-wohnen-1c-doppelzimmer-omesberg-hotel-laerchenhof-in-lech-am-arlberg-1030x687.jpg 1030w, https:\/\/www.laerchenhof-lech.at\/wp-content\/uploads\/2016\/12\/schoenes-wohnen-1c-doppelzimmer-omesberg-hotel-laerchenhof-in-lech-am-arlberg-300x200.jpg 300w, https:\/\/www.laerchenhof-lech.at\/wp-content\/uploads\/2016\/12\/schoenes-wohnen-1c-doppelzimmer-omesberg-hotel-laerchenhof-in-lech-am-arlberg-768x512.jpg 768w, https:\/\/www.laerchenhof-lech.at\/wp-content\/uploads\/2016\/12\/schoenes-wohnen-1c-doppelzimmer-omesberg-hotel-laerchenhof-in-lech-am-arlberg-705x470.jpg 705w, https:\/\/www.laerchenhof-lech.at\/wp-content\/uploads\/2016\/12\/schoenes-wohnen-1c-doppelzimmer-omesberg-hotel-laerchenhof-in-lech-am-arlberg-450x300.jpg 450w, https:\/\/www.laerchenhof-lech.at\/wp-content\/uploads\/2016\/12\/schoenes-wohnen-1c-doppelzimmer-omesberg-hotel-laerchenhof-in-lech-am-arlberg.jpg 1348w\" data-sizes=\"(max-width: 1030px) 100vw, 1030px\"  aria-label=\"image Detail Doppelzimmer Omesberg im Hotel L\u00e4rchenhof in Lech am Arlberg\"  id='av-masonry-1-item-1877' data-av-masonry-item='1877' class='av-masonry-entry isotope-item post-1877 attachment type-attachment status-inherit hentry  av-masonry-item-with-image' title=\"Detail Doppelzimmer Omesberg im Hotel L\u00e4rchenhof in Lech am Arlberg\" alt=\"\"    itemprop=\"thumbnailUrl\" ><div class='av-inner-masonry-sizer'><\/div><figure class='av-inner-masonry main_color'><div class=\"av-masonry-outerimage-container\"><div class='av-masonry-image-container'  ><img decoding=\"async\" width=\"705\" height=\"470\" fetchpriority=\"high\" class=\"wp-image-1877 avia-img-lazy-loading-not-1877\"  src=\"https:\/\/www.laerchenhof-lech.at\/wp-content\/uploads\/2016\/12\/schoenes-wohnen-1c-doppelzimmer-omesberg-hotel-laerchenhof-in-lech-am-arlberg-705x470.jpg\" title=\"Detail Doppelzimmer Omesberg im Hotel L\u00e4rchenhof in Lech am Arlberg\" alt=\"\" srcset=\"https:\/\/www.laerchenhof-lech.at\/wp-content\/uploads\/2016\/12\/schoenes-wohnen-1c-doppelzimmer-omesberg-hotel-laerchenhof-in-lech-am-arlberg-705x470.jpg 705w, https:\/\/www.laerchenhof-lech.at\/wp-content\/uploads\/2016\/12\/schoenes-wohnen-1c-doppelzimmer-omesberg-hotel-laerchenhof-in-lech-am-arlberg-300x200.jpg 300w, https:\/\/www.laerchenhof-lech.at\/wp-content\/uploads\/2016\/12\/schoenes-wohnen-1c-doppelzimmer-omesberg-hotel-laerchenhof-in-lech-am-arlberg-768x512.jpg 768w, https:\/\/www.laerchenhof-lech.at\/wp-content\/uploads\/2016\/12\/schoenes-wohnen-1c-doppelzimmer-omesberg-hotel-laerchenhof-in-lech-am-arlberg-1030x687.jpg 1030w, https:\/\/www.laerchenhof-lech.at\/wp-content\/uploads\/2016\/12\/schoenes-wohnen-1c-doppelzimmer-omesberg-hotel-laerchenhof-in-lech-am-arlberg-450x300.jpg 450w, https:\/\/www.laerchenhof-lech.at\/wp-content\/uploads\/2016\/12\/schoenes-wohnen-1c-doppelzimmer-omesberg-hotel-laerchenhof-in-lech-am-arlberg.jpg 1348w\" sizes=\"(max-width: 705px) 100vw, 705px\" \/><\/div><\/div><\/figure><\/a><!--end av-masonry entry--><a href=\"https:\/\/www.laerchenhof-lech.at\/wp-content\/uploads\/2016\/12\/schoenes-wohnen-1d-doppelzimmer-omesberg-hotel-laerchenhof-in-lech-am-arlberg-1030x687.jpg\" data-srcset=\"https:\/\/www.laerchenhof-lech.at\/wp-content\/uploads\/2016\/12\/schoenes-wohnen-1d-doppelzimmer-omesberg-hotel-laerchenhof-in-lech-am-arlberg-1030x687.jpg 1030w, https:\/\/www.laerchenhof-lech.at\/wp-content\/uploads\/2016\/12\/schoenes-wohnen-1d-doppelzimmer-omesberg-hotel-laerchenhof-in-lech-am-arlberg-300x200.jpg 300w, https:\/\/www.laerchenhof-lech.at\/wp-content\/uploads\/2016\/12\/schoenes-wohnen-1d-doppelzimmer-omesberg-hotel-laerchenhof-in-lech-am-arlberg-768x512.jpg 768w, https:\/\/www.laerchenhof-lech.at\/wp-content\/uploads\/2016\/12\/schoenes-wohnen-1d-doppelzimmer-omesberg-hotel-laerchenhof-in-lech-am-arlberg-705x470.jpg 705w, https:\/\/www.laerchenhof-lech.at\/wp-content\/uploads\/2016\/12\/schoenes-wohnen-1d-doppelzimmer-omesberg-hotel-laerchenhof-in-lech-am-arlberg-450x300.jpg 450w, https:\/\/www.laerchenhof-lech.at\/wp-content\/uploads\/2016\/12\/schoenes-wohnen-1d-doppelzimmer-omesberg-hotel-laerchenhof-in-lech-am-arlberg.jpg 1348w\" data-sizes=\"(max-width: 1030px) 100vw, 1030px\"  aria-label=\"image DZ Omesberg Detail\"  id='av-masonry-1-item-1878' data-av-masonry-item='1878' class='av-masonry-entry isotope-item post-1878 attachment type-attachment status-inherit hentry  av-masonry-item-with-image' title=\"DZ Omesberg Detail\" alt=\"\"    itemprop=\"thumbnailUrl\" ><div class='av-inner-masonry-sizer'><\/div><figure class='av-inner-masonry main_color'><div class=\"av-masonry-outerimage-container\"><div class='av-masonry-image-container'  ><img decoding=\"async\" width=\"705\" height=\"470\" fetchpriority=\"high\" class=\"wp-image-1878 avia-img-lazy-loading-not-1878\"  src=\"https:\/\/www.laerchenhof-lech.at\/wp-content\/uploads\/2016\/12\/schoenes-wohnen-1d-doppelzimmer-omesberg-hotel-laerchenhof-in-lech-am-arlberg-705x470.jpg\" title=\"DZ Omesberg Detail\" alt=\"\" srcset=\"https:\/\/www.laerchenhof-lech.at\/wp-content\/uploads\/2016\/12\/schoenes-wohnen-1d-doppelzimmer-omesberg-hotel-laerchenhof-in-lech-am-arlberg-705x470.jpg 705w, https:\/\/www.laerchenhof-lech.at\/wp-content\/uploads\/2016\/12\/schoenes-wohnen-1d-doppelzimmer-omesberg-hotel-laerchenhof-in-lech-am-arlberg-300x200.jpg 300w, https:\/\/www.laerchenhof-lech.at\/wp-content\/uploads\/2016\/12\/schoenes-wohnen-1d-doppelzimmer-omesberg-hotel-laerchenhof-in-lech-am-arlberg-768x512.jpg 768w, https:\/\/www.laerchenhof-lech.at\/wp-content\/uploads\/2016\/12\/schoenes-wohnen-1d-doppelzimmer-omesberg-hotel-laerchenhof-in-lech-am-arlberg-1030x687.jpg 1030w, https:\/\/www.laerchenhof-lech.at\/wp-content\/uploads\/2016\/12\/schoenes-wohnen-1d-doppelzimmer-omesberg-hotel-laerchenhof-in-lech-am-arlberg-450x300.jpg 450w, https:\/\/www.laerchenhof-lech.at\/wp-content\/uploads\/2016\/12\/schoenes-wohnen-1d-doppelzimmer-omesberg-hotel-laerchenhof-in-lech-am-arlberg.jpg 1348w\" sizes=\"(max-width: 705px) 100vw, 705px\" \/><\/div><\/div><\/figure><\/a><!--end av-masonry entry--><a href=\"https:\/\/www.laerchenhof-lech.at\/wp-content\/uploads\/2016\/12\/schoenes-wohnen-1e-doppelzimmer-omesberg-hotel-laerchenhof-in-lech-am-arlberg-1030x687.jpg\" data-srcset=\"https:\/\/www.laerchenhof-lech.at\/wp-content\/uploads\/2016\/12\/schoenes-wohnen-1e-doppelzimmer-omesberg-hotel-laerchenhof-in-lech-am-arlberg-1030x687.jpg 1030w, https:\/\/www.laerchenhof-lech.at\/wp-content\/uploads\/2016\/12\/schoenes-wohnen-1e-doppelzimmer-omesberg-hotel-laerchenhof-in-lech-am-arlberg-300x200.jpg 300w, https:\/\/www.laerchenhof-lech.at\/wp-content\/uploads\/2016\/12\/schoenes-wohnen-1e-doppelzimmer-omesberg-hotel-laerchenhof-in-lech-am-arlberg-768x512.jpg 768w, https:\/\/www.laerchenhof-lech.at\/wp-content\/uploads\/2016\/12\/schoenes-wohnen-1e-doppelzimmer-omesberg-hotel-laerchenhof-in-lech-am-arlberg-705x470.jpg 705w, https:\/\/www.laerchenhof-lech.at\/wp-content\/uploads\/2016\/12\/schoenes-wohnen-1e-doppelzimmer-omesberg-hotel-laerchenhof-in-lech-am-arlberg-450x300.jpg 450w, https:\/\/www.laerchenhof-lech.at\/wp-content\/uploads\/2016\/12\/schoenes-wohnen-1e-doppelzimmer-omesberg-hotel-laerchenhof-in-lech-am-arlberg.jpg 1348w\" data-sizes=\"(max-width: 1030px) 100vw, 1030px\"  aria-label=\"image Doppelzimmer Omesberg mit Couch &#8211; im Hotel L\u00e4rchenhof in Lech am Arlberg\"  id='av-masonry-1-item-1879' data-av-masonry-item='1879' class='av-masonry-entry isotope-item post-1879 attachment type-attachment status-inherit hentry  av-masonry-item-with-image' title=\"Doppelzimmer Omesberg mit Couch &#8211; im Hotel L\u00e4rchenhof in Lech am Arlberg\" alt=\"\"    itemprop=\"thumbnailUrl\" ><div class='av-inner-masonry-sizer'><\/div><figure class='av-inner-masonry main_color'><div class=\"av-masonry-outerimage-container\"><div class='av-masonry-image-container'  ><img decoding=\"async\" width=\"705\" height=\"470\" fetchpriority=\"high\" class=\"wp-image-1879 avia-img-lazy-loading-not-1879\"  src=\"https:\/\/www.laerchenhof-lech.at\/wp-content\/uploads\/2016\/12\/schoenes-wohnen-1e-doppelzimmer-omesberg-hotel-laerchenhof-in-lech-am-arlberg-705x470.jpg\" title=\"Doppelzimmer Omesberg mit Couch &#8211; im Hotel L\u00e4rchenhof in Lech am Arlberg\" alt=\"\" srcset=\"https:\/\/www.laerchenhof-lech.at\/wp-content\/uploads\/2016\/12\/schoenes-wohnen-1e-doppelzimmer-omesberg-hotel-laerchenhof-in-lech-am-arlberg-705x470.jpg 705w, https:\/\/www.laerchenhof-lech.at\/wp-content\/uploads\/2016\/12\/schoenes-wohnen-1e-doppelzimmer-omesberg-hotel-laerchenhof-in-lech-am-arlberg-300x200.jpg 300w, https:\/\/www.laerchenhof-lech.at\/wp-content\/uploads\/2016\/12\/schoenes-wohnen-1e-doppelzimmer-omesberg-hotel-laerchenhof-in-lech-am-arlberg-768x512.jpg 768w, https:\/\/www.laerchenhof-lech.at\/wp-content\/uploads\/2016\/12\/schoenes-wohnen-1e-doppelzimmer-omesberg-hotel-laerchenhof-in-lech-am-arlberg-1030x687.jpg 1030w, https:\/\/www.laerchenhof-lech.at\/wp-content\/uploads\/2016\/12\/schoenes-wohnen-1e-doppelzimmer-omesberg-hotel-laerchenhof-in-lech-am-arlberg-450x300.jpg 450w, https:\/\/www.laerchenhof-lech.at\/wp-content\/uploads\/2016\/12\/schoenes-wohnen-1e-doppelzimmer-omesberg-hotel-laerchenhof-in-lech-am-arlberg.jpg 1348w\" sizes=\"(max-width: 705px) 100vw, 705px\" \/><\/div><\/div><\/figure><\/a><!--end av-masonry entry--><a href=\"https:\/\/www.laerchenhof-lech.at\/wp-content\/uploads\/2016\/12\/schoenes-wohnen-1f-doppelzimmer-omesberg-hotel-laerchenhof-in-lech-am-arlberg-1030x687.jpg\" data-srcset=\"https:\/\/www.laerchenhof-lech.at\/wp-content\/uploads\/2016\/12\/schoenes-wohnen-1f-doppelzimmer-omesberg-hotel-laerchenhof-in-lech-am-arlberg-1030x687.jpg 1030w, https:\/\/www.laerchenhof-lech.at\/wp-content\/uploads\/2016\/12\/schoenes-wohnen-1f-doppelzimmer-omesberg-hotel-laerchenhof-in-lech-am-arlberg-300x200.jpg 300w, https:\/\/www.laerchenhof-lech.at\/wp-content\/uploads\/2016\/12\/schoenes-wohnen-1f-doppelzimmer-omesberg-hotel-laerchenhof-in-lech-am-arlberg-768x512.jpg 768w, https:\/\/www.laerchenhof-lech.at\/wp-content\/uploads\/2016\/12\/schoenes-wohnen-1f-doppelzimmer-omesberg-hotel-laerchenhof-in-lech-am-arlberg-705x470.jpg 705w, https:\/\/www.laerchenhof-lech.at\/wp-content\/uploads\/2016\/12\/schoenes-wohnen-1f-doppelzimmer-omesberg-hotel-laerchenhof-in-lech-am-arlberg-450x300.jpg 450w, https:\/\/www.laerchenhof-lech.at\/wp-content\/uploads\/2016\/12\/schoenes-wohnen-1f-doppelzimmer-omesberg-hotel-laerchenhof-in-lech-am-arlberg.jpg 1348w\" data-sizes=\"(max-width: 1030px) 100vw, 1030px\"  aria-label=\"image Doppelzimmer Omesberg im Hotel L\u00e4rchenhof in Lech am Arlberg\"  id='av-masonry-1-item-1880' data-av-masonry-item='1880' class='av-masonry-entry isotope-item post-1880 attachment type-attachment status-inherit hentry  av-masonry-item-with-image' title=\"Doppelzimmer Omesberg im Hotel L\u00e4rchenhof in Lech am Arlberg\" alt=\"\"    itemprop=\"thumbnailUrl\" ><div class='av-inner-masonry-sizer'><\/div><figure class='av-inner-masonry main_color'><div class=\"av-masonry-outerimage-container\"><div class='av-masonry-image-container'  ><img decoding=\"async\" width=\"705\" height=\"470\" fetchpriority=\"high\" class=\"wp-image-1880 avia-img-lazy-loading-not-1880\"  src=\"https:\/\/www.laerchenhof-lech.at\/wp-content\/uploads\/2016\/12\/schoenes-wohnen-1f-doppelzimmer-omesberg-hotel-laerchenhof-in-lech-am-arlberg-705x470.jpg\" title=\"Doppelzimmer Omesberg im Hotel L\u00e4rchenhof in Lech am Arlberg\" alt=\"\" srcset=\"https:\/\/www.laerchenhof-lech.at\/wp-content\/uploads\/2016\/12\/schoenes-wohnen-1f-doppelzimmer-omesberg-hotel-laerchenhof-in-lech-am-arlberg-705x470.jpg 705w, https:\/\/www.laerchenhof-lech.at\/wp-content\/uploads\/2016\/12\/schoenes-wohnen-1f-doppelzimmer-omesberg-hotel-laerchenhof-in-lech-am-arlberg-300x200.jpg 300w, https:\/\/www.laerchenhof-lech.at\/wp-content\/uploads\/2016\/12\/schoenes-wohnen-1f-doppelzimmer-omesberg-hotel-laerchenhof-in-lech-am-arlberg-768x512.jpg 768w, https:\/\/www.laerchenhof-lech.at\/wp-content\/uploads\/2016\/12\/schoenes-wohnen-1f-doppelzimmer-omesberg-hotel-laerchenhof-in-lech-am-arlberg-1030x687.jpg 1030w, https:\/\/www.laerchenhof-lech.at\/wp-content\/uploads\/2016\/12\/schoenes-wohnen-1f-doppelzimmer-omesberg-hotel-laerchenhof-in-lech-am-arlberg-450x300.jpg 450w, https:\/\/www.laerchenhof-lech.at\/wp-content\/uploads\/2016\/12\/schoenes-wohnen-1f-doppelzimmer-omesberg-hotel-laerchenhof-in-lech-am-arlberg.jpg 1348w\" sizes=\"(max-width: 705px) 100vw, 705px\" \/><\/div><\/div><\/figure><\/a><!--end av-masonry entry--><a href=\"https:\/\/www.laerchenhof-lech.at\/wp-content\/uploads\/2016\/12\/schoenes-wohnen-1g-doppelzimmer-omesberg-hotel-laerchenhof-in-lech-am-arlberg-1030x687.jpg\" data-srcset=\"https:\/\/www.laerchenhof-lech.at\/wp-content\/uploads\/2016\/12\/schoenes-wohnen-1g-doppelzimmer-omesberg-hotel-laerchenhof-in-lech-am-arlberg-1030x687.jpg 1030w, https:\/\/www.laerchenhof-lech.at\/wp-content\/uploads\/2016\/12\/schoenes-wohnen-1g-doppelzimmer-omesberg-hotel-laerchenhof-in-lech-am-arlberg-300x200.jpg 300w, https:\/\/www.laerchenhof-lech.at\/wp-content\/uploads\/2016\/12\/schoenes-wohnen-1g-doppelzimmer-omesberg-hotel-laerchenhof-in-lech-am-arlberg-768x512.jpg 768w, https:\/\/www.laerchenhof-lech.at\/wp-content\/uploads\/2016\/12\/schoenes-wohnen-1g-doppelzimmer-omesberg-hotel-laerchenhof-in-lech-am-arlberg-705x470.jpg 705w, https:\/\/www.laerchenhof-lech.at\/wp-content\/uploads\/2016\/12\/schoenes-wohnen-1g-doppelzimmer-omesberg-hotel-laerchenhof-in-lech-am-arlberg-450x300.jpg 450w, https:\/\/www.laerchenhof-lech.at\/wp-content\/uploads\/2016\/12\/schoenes-wohnen-1g-doppelzimmer-omesberg-hotel-laerchenhof-in-lech-am-arlberg.jpg 1348w\" data-sizes=\"(max-width: 1030px) 100vw, 1030px\"  aria-label=\"image Doppelzimmer Omesberg im Hotel L\u00e4rchenhof in Lech am Arlberg\"  id='av-masonry-1-item-1881' data-av-masonry-item='1881' class='av-masonry-entry isotope-item post-1881 attachment type-attachment status-inherit hentry  av-masonry-item-with-image' title=\"Doppelzimmer Omesberg im Hotel L\u00e4rchenhof in Lech am Arlberg\" alt=\"\"    itemprop=\"thumbnailUrl\" ><div class='av-inner-masonry-sizer'><\/div><figure class='av-inner-masonry main_color'><div class=\"av-masonry-outerimage-container\"><div class='av-masonry-image-container'  ><img decoding=\"async\" width=\"705\" height=\"470\" fetchpriority=\"high\" class=\"wp-image-1881 avia-img-lazy-loading-not-1881\"  src=\"https:\/\/www.laerchenhof-lech.at\/wp-content\/uploads\/2016\/12\/schoenes-wohnen-1g-doppelzimmer-omesberg-hotel-laerchenhof-in-lech-am-arlberg-705x470.jpg\" title=\"Doppelzimmer Omesberg im Hotel L\u00e4rchenhof in Lech am Arlberg\" alt=\"\" srcset=\"https:\/\/www.laerchenhof-lech.at\/wp-content\/uploads\/2016\/12\/schoenes-wohnen-1g-doppelzimmer-omesberg-hotel-laerchenhof-in-lech-am-arlberg-705x470.jpg 705w, https:\/\/www.laerchenhof-lech.at\/wp-content\/uploads\/2016\/12\/schoenes-wohnen-1g-doppelzimmer-omesberg-hotel-laerchenhof-in-lech-am-arlberg-300x200.jpg 300w, https:\/\/www.laerchenhof-lech.at\/wp-content\/uploads\/2016\/12\/schoenes-wohnen-1g-doppelzimmer-omesberg-hotel-laerchenhof-in-lech-am-arlberg-768x512.jpg 768w, https:\/\/www.laerchenhof-lech.at\/wp-content\/uploads\/2016\/12\/schoenes-wohnen-1g-doppelzimmer-omesberg-hotel-laerchenhof-in-lech-am-arlberg-1030x687.jpg 1030w, https:\/\/www.laerchenhof-lech.at\/wp-content\/uploads\/2016\/12\/schoenes-wohnen-1g-doppelzimmer-omesberg-hotel-laerchenhof-in-lech-am-arlberg-450x300.jpg 450w, https:\/\/www.laerchenhof-lech.at\/wp-content\/uploads\/2016\/12\/schoenes-wohnen-1g-doppelzimmer-omesberg-hotel-laerchenhof-in-lech-am-arlberg.jpg 1348w\" sizes=\"(max-width: 705px) 100vw, 705px\" \/><\/div><\/div><\/figure><\/a><!--end av-masonry entry--><\/div><\/div>\n\n<style type=\"text\/css\" data-created_by=\"avia_inline_auto\" id=\"style-css-av-ug91mj-46e7c7e049d32f73c3d06fbc10f367ed\">\n#top .hr.hr-invisible.av-ug91mj-46e7c7e049d32f73c3d06fbc10f367ed{\nheight:22px;\n}\n<\/style>\n<div  class='hr av-ug91mj-46e7c7e049d32f73c3d06fbc10f367ed hr-invisible  avia-builder-el-16  el_after_av_masonry_gallery  el_before_av_heading  avia-builder-el-first '><span class='hr-inner '><span class=\"hr-inner-style\"><\/span><\/span><\/div>\n\n<style type=\"text\/css\" data-created_by=\"avia_inline_auto\" id=\"style-css-av-4frhcr-3c93dfe65e19d72e21cd67bd2a0f0d55\">\n#top .av-special-heading.av-4frhcr-3c93dfe65e19d72e21cd67bd2a0f0d55{\npadding-bottom:10px;\nfont-size:38px;\n}\nbody .av-special-heading.av-4frhcr-3c93dfe65e19d72e21cd67bd2a0f0d55 .av-special-heading-tag .heading-char{\nfont-size:25px;\n}\n#top #wrap_all .av-special-heading.av-4frhcr-3c93dfe65e19d72e21cd67bd2a0f0d55 .av-special-heading-tag{\nfont-size:38px;\n}\n.av-special-heading.av-4frhcr-3c93dfe65e19d72e21cd67bd2a0f0d55 .av-subheading{\nfont-size:15px;\n}\n\n@media only screen and (min-width: 480px) and (max-width: 767px){ \n#top #wrap_all .av-special-heading.av-4frhcr-3c93dfe65e19d72e21cd67bd2a0f0d55 .av-special-heading-tag{\nfont-size:0.8em;\n}\n}\n\n@media only screen and (max-width: 479px){ \n#top #wrap_all .av-special-heading.av-4frhcr-3c93dfe65e19d72e21cd67bd2a0f0d55 .av-special-heading-tag{\nfont-size:0.8em;\n}\n}\n<\/style>\n<div  class='av-special-heading av-4frhcr-3c93dfe65e19d72e21cd67bd2a0f0d55 av-special-heading-h4 blockquote modern-quote modern-centered  avia-builder-el-17  el_after_av_hr  el_before_av_hr  av-inherit-size'><h4 class='av-special-heading-tag '  itemprop=\"headline\"  >Learn More &#8230;<\/h4><div class=\"special-heading-border\"><div class=\"special-heading-inner-border\"><\/div><\/div><\/div>\n\n<style type=\"text\/css\" data-created_by=\"avia_inline_auto\" id=\"style-css-av-rjvyzv-db09a5dc1c95c34820ec1796ed0dc254\">\n#top .hr.hr-invisible.av-rjvyzv-db09a5dc1c95c34820ec1796ed0dc254{\nheight:44px;\n}\n<\/style>\n<div  class='hr av-rjvyzv-db09a5dc1c95c34820ec1796ed0dc254 hr-invisible  avia-builder-el-18  el_after_av_heading  el_before_av_one_third '><span class='hr-inner '><span class=\"hr-inner-style\"><\/span><\/span><\/div>\n\n<style type=\"text\/css\" data-created_by=\"avia_inline_auto\" id=\"style-css-av-q2foaz-b7b03899f53af691a9f7f0d06d472e9a\">\n.flex_column.av-q2foaz-b7b03899f53af691a9f7f0d06d472e9a{\nborder-radius:0px 0px 0px 0px;\npadding:0px 0px 0px 0px;\n}\n<\/style>\n<div  class='flex_column av-q2foaz-b7b03899f53af691a9f7f0d06d472e9a av_one_third  avia-builder-el-19  el_after_av_hr  el_before_av_one_third  first flex_column_div av-zero-column-padding  '     ><p><div  class='avia-button-wrap av-o1li5n-b168fcba007b6b2693621de7c3a93282-wrap avia-button-center  avia-builder-el-20  el_before_av_button  avia-builder-el-first '><a href='https:\/\/www.laerchenhof-lech.at\/en\/winter-rates\/'  class='avia-button av-o1li5n-b168fcba007b6b2693621de7c3a93282 av-link-btn avia-icon_select-no avia-size-large avia-position-center avia-color-theme-color'   aria-label=\"Winter Rates\"><span class='avia_iconbox_title' >Winter Rates<\/span><\/a><\/div><br \/>\n<div  class='avia-button-wrap av-o1li5n-f1207e6e3a96647a923131f614f148d3-wrap avia-button-center  avia-builder-el-21  el_after_av_button  avia-builder-el-last '><a href='https:\/\/www.laerchenhof-lech.at\/en\/summer-rates\/'  class='avia-button av-o1li5n-f1207e6e3a96647a923131f614f148d3 av-link-btn avia-icon_select-no avia-size-large avia-position-center avia-color-theme-color'   aria-label=\"Summer Rates\"><span class='avia_iconbox_title' >Summer Rates<\/span><\/a><\/div><\/p><\/div>\n\n<style type=\"text\/css\" data-created_by=\"avia_inline_auto\" id=\"style-css-av-mf2le3-55066e5ce27d449ce914ba57403c9de1\">\n.flex_column.av-mf2le3-55066e5ce27d449ce914ba57403c9de1{\nborder-radius:0px 0px 0px 0px;\npadding:0px 0px 0px 0px;\n}\n<\/style>\n<div  class='flex_column av-mf2le3-55066e5ce27d449ce914ba57403c9de1 av_one_third  avia-builder-el-22  el_after_av_one_third  el_before_av_one_third  flex_column_div av-zero-column-padding  '     ><div  class='avia-button-wrap av-k6zd36-dbfcb8decf798fcbbd20cfb9498a51f0-wrap avia-button-center  avia-builder-el-23  avia-builder-el-no-sibling '><a href='https:\/\/www.laerchenhof-lech.at\/en\/online-booking\/'  class='avia-button av-k6zd36-dbfcb8decf798fcbbd20cfb9498a51f0 av-link-btn avia-icon_select-no avia-size-large avia-position-center avia-color-theme-color'   aria-label=\"Online Reservations\"><span class='avia_iconbox_title' >Online Reservations<\/span><\/a><\/div><\/div>\n\n<style type=\"text\/css\" data-created_by=\"avia_inline_auto\" id=\"style-css-av-iqlnaj-68df7877b09bbcbab65a0ecca5dca62e\">\n.flex_column.av-iqlnaj-68df7877b09bbcbab65a0ecca5dca62e{\nborder-radius:0px 0px 0px 0px;\npadding:0px 0px 0px 0px;\n}\n<\/style>\n<div  class='flex_column av-iqlnaj-68df7877b09bbcbab65a0ecca5dca62e av_one_third  avia-builder-el-24  el_after_av_one_third  el_before_av_hr  flex_column_div av-zero-column-padding  '     ><div  class='avia-button-wrap av-hjoakr-1ce5d71eb19273ef524a3d723425774a-wrap avia-button-center  avia-builder-el-25  avia-builder-el-no-sibling '><a href='https:\/\/www.laerchenhof-lech.at\/en\/quick-inquiry\/'  class='avia-button av-hjoakr-1ce5d71eb19273ef524a3d723425774a av-link-btn avia-icon_select-no avia-size-large avia-position-center avia-color-theme-color'   aria-label=\"Quick Inquiry\"><span class='avia_iconbox_title' >Quick Inquiry<\/span><\/a><\/div><\/div>\n\n<style type=\"text\/css\" data-created_by=\"avia_inline_auto\" id=\"style-css-av-f8ajaz-0cce8e2d094fd0d671e77b0a623262a0\">\n#top .hr.hr-invisible.av-f8ajaz-0cce8e2d094fd0d671e77b0a623262a0{\nheight:62px;\n}\n<\/style>\n<div  class='hr av-f8ajaz-0cce8e2d094fd0d671e77b0a623262a0 hr-invisible  avia-builder-el-26  el_after_av_one_third  el_before_av_heading '><span class='hr-inner '><span class=\"hr-inner-style\"><\/span><\/span><\/div>\n\n<style type=\"text\/css\" data-created_by=\"avia_inline_auto\" id=\"style-css-av-1xdgaj-fc823d31223c064096e7b147aa28b98e\">\n#top .av-special-heading.av-1xdgaj-fc823d31223c064096e7b147aa28b98e{\npadding-bottom:10px;\nfont-size:38px;\n}\nbody .av-special-heading.av-1xdgaj-fc823d31223c064096e7b147aa28b98e .av-special-heading-tag .heading-char{\nfont-size:25px;\n}\n#top #wrap_all .av-special-heading.av-1xdgaj-fc823d31223c064096e7b147aa28b98e .av-special-heading-tag{\nfont-size:38px;\n}\n.av-special-heading.av-1xdgaj-fc823d31223c064096e7b147aa28b98e .av-subheading{\nfont-size:15px;\n}\n\n@media only screen and (min-width: 480px) and (max-width: 767px){ \n#top #wrap_all .av-special-heading.av-1xdgaj-fc823d31223c064096e7b147aa28b98e .av-special-heading-tag{\nfont-size:0.8em;\n}\n}\n\n@media only screen and (max-width: 479px){ \n#top #wrap_all .av-special-heading.av-1xdgaj-fc823d31223c064096e7b147aa28b98e .av-special-heading-tag{\nfont-size:0.8em;\n}\n}\n<\/style>\n<div  class='av-special-heading av-1xdgaj-fc823d31223c064096e7b147aa28b98e av-special-heading-h4 blockquote modern-quote modern-centered  avia-builder-el-27  el_after_av_hr  el_before_av_portfolio  avia-builder-el-last  av-inherit-size'><h4 class='av-special-heading-tag '  itemprop=\"headline\"  >More Room Types<\/h4><div class=\"special-heading-border\"><div class=\"special-heading-inner-border\"><\/div><\/div><\/div>\n<div  id=\"av-sc-portfolio-1\"  class=' grid-sort-container isotope   no_margin-container with-title-container grid-total-odd grid-col-5 grid-links-' data-portfolio-id='1'><div data-ajax-id='1138' class=' grid-entry flex_column isotope-item all_sort no_margin post-entry post-entry-1138 grid-entry-overview grid-loop-1 grid-parity-odd  more-cat-for-app_sort more-cat-for-dr-karhorn_sort more-cat-for-dr-komfort_sort more-cat-for-dr-omesberg-en-3_sort more-cat-for-single-room_sort room-categories_sort  av_one_fifth first default_av_fullwidth '><article class='main_color inner-entry'  itemscope=\"itemscope\" itemtype=\"https:\/\/schema.org\/CreativeWork\" ><a href=\"https:\/\/www.laerchenhof-lech.at\/en\/arlberg\/standard-double-room\/\" title='Standard Double Room'  data-rel='grid-1' class='grid-image avia-hover-fx'> <img decoding=\"async\" fetchpriority=\"high\" width=\"260\" height=\"185\" src=\"https:\/\/www.laerchenhof-lech.at\/wp-content\/uploads\/2016\/12\/27-4-260x185.jpg\" class=\"wp-image-1891 avia-img-lazy-loading-not-1891 attachment-portfolio_small size-portfolio_small wp-post-image\" alt=\"\" \/><\/a><div class='grid-content'><div class='avia-arrow'><\/div><header class=\"entry-content-header\" aria-label=\"Portfolio: Standard Double Room\"><h3 class='grid-entry-title entry-title '  itemprop=\"headline\" ><a href='https:\/\/www.laerchenhof-lech.at\/en\/arlberg\/standard-double-room\/' title='Standard Double Room'>Standard Double Room<\/a><\/h3><\/header><\/div><footer class=\"entry-footer\"><\/footer><\/article><\/div><div data-ajax-id='1141' class=' grid-entry flex_column isotope-item all_sort no_margin post-entry post-entry-1141 grid-entry-overview grid-loop-2 grid-parity-even  more-cat-for-app_sort more-cat-for-dr-karhorn_sort more-cat-for-dr-omesberg-en-3_sort more-cat-for-dr-standard_sort more-cat-for-single-room_sort room-categories_sort  av_one_fifth  default_av_fullwidth '><article class='main_color inner-entry'  itemscope=\"itemscope\" itemtype=\"https:\/\/schema.org\/CreativeWork\" ><a href=\"https:\/\/www.laerchenhof-lech.at\/en\/arlberg\/comfort-double-room\/\" title='Komfort Double Room'  data-rel='grid-1' class='grid-image avia-hover-fx'> <img decoding=\"async\" fetchpriority=\"high\" width=\"260\" height=\"185\" src=\"https:\/\/www.laerchenhof-lech.at\/wp-content\/uploads\/2016\/12\/schoenes-wohnen-1-komfort-doppelzimmer-hotel-laerchenhof-in-lech-am-arlberg-a-260x185.jpg\" class=\"wp-image-1896 avia-img-lazy-loading-not-1896 attachment-portfolio_small size-portfolio_small wp-post-image\" alt=\"\" \/><\/a><div class='grid-content'><div class='avia-arrow'><\/div><header class=\"entry-content-header\" aria-label=\"Portfolio: Komfort Double Room\"><h3 class='grid-entry-title entry-title '  itemprop=\"headline\" ><a href='https:\/\/www.laerchenhof-lech.at\/en\/arlberg\/comfort-double-room\/' title='Komfort Double Room'>Komfort Double Room<\/a><\/h3><\/header><\/div><footer class=\"entry-footer\"><\/footer><\/article><\/div><div data-ajax-id='1144' class=' grid-entry flex_column isotope-item all_sort no_margin post-entry post-entry-1144 grid-entry-overview grid-loop-3 grid-parity-odd  more-cat-for-app_sort more-cat-for-dr-komfort_sort more-cat-for-dr-omesberg-en-3_sort more-cat-for-dr-standard_sort more-cat-for-single-room_sort room-categories_sort  av_one_fifth  default_av_fullwidth '><article class='main_color inner-entry'  itemscope=\"itemscope\" itemtype=\"https:\/\/schema.org\/CreativeWork\" ><a href=\"https:\/\/www.laerchenhof-lech.at\/en\/arlberg\/karhorn-double-room\/\" title='Karhorn Double Room'  data-rel='grid-1' class='grid-image avia-hover-fx'> <img decoding=\"async\" fetchpriority=\"high\" width=\"260\" height=\"185\" src=\"https:\/\/www.laerchenhof-lech.at\/wp-content\/uploads\/2016\/12\/hotelzimmer-12-hotel-laerchenhof-in-lech-am-arlberg-260x185.jpeg\" class=\"wp-image-1709 avia-img-lazy-loading-not-1709 attachment-portfolio_small size-portfolio_small wp-post-image\" alt=\"\" \/><\/a><div class='grid-content'><div class='avia-arrow'><\/div><header class=\"entry-content-header\" aria-label=\"Portfolio: Karhorn Double Room\"><h3 class='grid-entry-title entry-title '  itemprop=\"headline\" ><a href='https:\/\/www.laerchenhof-lech.at\/en\/arlberg\/karhorn-double-room\/' title='Karhorn Double Room'>Karhorn Double Room<\/a><\/h3><\/header><\/div><footer class=\"entry-footer\"><\/footer><\/article><\/div><div data-ajax-id='1150' class=' grid-entry flex_column isotope-item all_sort no_margin post-entry post-entry-1150 grid-entry-overview grid-loop-4 grid-parity-even  more-cat-for-app_sort more-cat-for-dr-karhorn_sort more-cat-for-dr-komfort_sort more-cat-for-dr-omesberg-en-3_sort more-cat-for-dr-standard_sort room-categories_sort  av_one_fifth  default_av_fullwidth '><article class='main_color inner-entry'  itemscope=\"itemscope\" itemtype=\"https:\/\/schema.org\/CreativeWork\" ><a href=\"https:\/\/www.laerchenhof-lech.at\/en\/arlberg\/single-rooms\/\" title='Single Rooms'  data-rel='grid-1' class='grid-image avia-hover-fx'> <img decoding=\"async\" fetchpriority=\"high\" width=\"260\" height=\"185\" src=\"https:\/\/www.laerchenhof-lech.at\/wp-content\/uploads\/2016\/12\/schoenes-wohnen-1-einzelzimmer-hotel-laerchenhof-in-lech-am-arlberg-260x185.jpg\" class=\"wp-image-1844 avia-img-lazy-loading-not-1844 attachment-portfolio_small size-portfolio_small wp-post-image\" alt=\"\" \/><\/a><div class='grid-content'><div class='avia-arrow'><\/div><header class=\"entry-content-header\" aria-label=\"Portfolio: Single Rooms\"><h3 class='grid-entry-title entry-title '  itemprop=\"headline\" ><a href='https:\/\/www.laerchenhof-lech.at\/en\/arlberg\/single-rooms\/' title='Single Rooms'>Single Rooms<\/a><\/h3><\/header><\/div><footer class=\"entry-footer\"><\/footer><\/article><\/div><div data-ajax-id='1153' class=' grid-entry flex_column isotope-item all_sort no_margin post-entry post-entry-1153 grid-entry-overview grid-loop-5 grid-parity-odd  post-entry-last  more-cat-for-dr-karhorn_sort more-cat-for-dr-komfort_sort more-cat-for-dr-omesberg-en-3_sort more-cat-for-dr-standard_sort more-cat-for-single-room_sort room-categories_sort  av_one_fifth  default_av_fullwidth '><article class='main_color inner-entry'  itemscope=\"itemscope\" itemtype=\"https:\/\/schema.org\/CreativeWork\" ><a href=\"https:\/\/www.laerchenhof-lech.at\/en\/arlberg\/ehrenpreis-apartment\/\" title='Ehrenpreis Apartment'  data-rel='grid-1' class='grid-image avia-hover-fx'> <img decoding=\"async\" fetchpriority=\"high\" width=\"260\" height=\"185\" src=\"https:\/\/www.laerchenhof-lech.at\/wp-content\/uploads\/2016\/12\/hotelzimmer-6-hotel-laerchenhof-in-lech-am-arlberg-260x185.jpeg\" class=\"wp-image-1703 avia-img-lazy-loading-not-1703 attachment-portfolio_small size-portfolio_small wp-post-image\" alt=\"\" \/><\/a><div class='grid-content'><div class='avia-arrow'><\/div><header class=\"entry-content-header\" aria-label=\"Portfolio: Ehrenpreis Apartment\"><h3 class='grid-entry-title entry-title '  itemprop=\"headline\" ><a href='https:\/\/www.laerchenhof-lech.at\/en\/arlberg\/ehrenpreis-apartment\/' title='Ehrenpreis Apartment'>Ehrenpreis Apartment<\/a><\/h3><\/header><\/div><footer class=\"entry-footer\"><\/footer><\/article><\/div><\/div>\n\n<style type=\"text\/css\" data-created_by=\"avia_inline_auto\" id=\"style-css-av-bk73bf-95407971f30b496683c57ddaa07b228b\">\n#top .hr.hr-invisible.av-bk73bf-95407971f30b496683c57ddaa07b228b{\nheight:62px;\n}\n<\/style>\n<div  class='hr av-bk73bf-95407971f30b496683c57ddaa07b228b hr-invisible  avia-builder-el-29  el_after_av_portfolio  el_before_av_layout_row  avia-builder-el-no-sibling '><span class='hr-inner '><span class=\"hr-inner-style\"><\/span><\/span><\/div>\n<\/div><\/div><\/div><!-- close content main div --><\/div><\/div><div id='welcome'  class='av-layout-grid-container av-9aomvv-4eae05454b4e53f709627d73ba279c94 entry-content-wrapper main_color av-fixed-cells  avia-builder-el-30  el_after_av_hr  avia-builder-el-last  grid-row-not-first  container_wrap sidebar_right'  >\n<style type=\"text\/css\" data-created_by=\"avia_inline_auto\" id=\"style-css-av-81fwmj-ec6a8825bf9c65865cd1ec48c311edd8\">\n.flex_cell.av-81fwmj-ec6a8825bf9c65865cd1ec48c311edd8{\nvertical-align:top;\nheight:15px;\nmin-height:15px;\nbackground-color:#ddbe68;\n}\n.responsive #top #wrap_all .flex_cell.av-81fwmj-ec6a8825bf9c65865cd1ec48c311edd8{\npadding:0px 0px 0px 0px !important;\n}\n<\/style>\n<div class='flex_cell av-81fwmj-ec6a8825bf9c65865cd1ec48c311edd8 av-gridrow-cell av_one_fourth no_margin  avia-builder-el-31  el_before_av_cell_one_fourth  avia-builder-el-first  content-align-top av-zero-padding'  ><div class='flex_cell_inner'><\/div><\/div>\n<style type=\"text\/css\" data-created_by=\"avia_inline_auto\" id=\"style-css-av-5hpfqj-b8faf2a5d53646b207e1a80cf2fa2812\">\n.flex_cell.av-5hpfqj-b8faf2a5d53646b207e1a80cf2fa2812{\nvertical-align:top;\nheight:15px;\nmin-height:15px;\nbackground-color:#e8cb6d;\n}\n.responsive #top #wrap_all .flex_cell.av-5hpfqj-b8faf2a5d53646b207e1a80cf2fa2812{\npadding:0px 0px 0px 0px !important;\n}\n<\/style>\n<div class='flex_cell av-5hpfqj-b8faf2a5d53646b207e1a80cf2fa2812 av-gridrow-cell av_one_fourth no_margin  avia-builder-el-32  el_after_av_cell_one_fourth  el_before_av_cell_one_fourth  content-align-top av-zero-padding'  ><div class='flex_cell_inner'><\/div><\/div>\n<style type=\"text\/css\" data-created_by=\"avia_inline_auto\" id=\"style-css-av-4sgnor-ed122dd112a44c342541ea73049b675a\">\n.flex_cell.av-4sgnor-ed122dd112a44c342541ea73049b675a{\nvertical-align:top;\nheight:15px;\nmin-height:15px;\nbackground-color:#e8d28b;\n}\n.responsive #top #wrap_all .flex_cell.av-4sgnor-ed122dd112a44c342541ea73049b675a{\npadding:0px 0px 0px 0px !important;\n}\n<\/style>\n<div class='flex_cell av-4sgnor-ed122dd112a44c342541ea73049b675a av-gridrow-cell av_one_fourth no_margin  avia-builder-el-33  el_after_av_cell_one_fourth  el_before_av_cell_one_fourth  content-align-top av-zero-padding'  ><div class='flex_cell_inner'><\/div><\/div>\n<style type=\"text\/css\" data-created_by=\"avia_inline_auto\" id=\"style-css-av-aibpn-08ea06f146a6730c63df218261153680\">\n.flex_cell.av-aibpn-08ea06f146a6730c63df218261153680{\nvertical-align:top;\nheight:15px;\nmin-height:15px;\nbackground-color:#efdea7;\n}\n.responsive #top #wrap_all .flex_cell.av-aibpn-08ea06f146a6730c63df218261153680{\npadding:0px 0px 0px 0px !important;\n}\n<\/style>\n<div class='flex_cell av-aibpn-08ea06f146a6730c63df218261153680 av-gridrow-cell av_one_fourth no_margin  avia-builder-el-34  el_after_av_cell_one_fourth  avia-builder-el-last  content-align-top av-zero-padding'  ><div class='flex_cell_inner'><\/div><\/div><\/div>\n","protected":false},"excerpt":{"rendered":"","protected":false},"author":3,"featured_media":1879,"template":"","meta":{"footnotes":""},"tags":[],"portfolio_entries":[33,34,35,42,43,44],"class_list":["post-1147","portfolio","type-portfolio","status-publish","has-post-thumbnail","hentry","portfolio_entries-more-cat-for-app","portfolio_entries-more-cat-for-dr-karhorn","portfolio_entries-more-cat-for-dr-komfort","portfolio_entries-more-cat-for-dr-standard","portfolio_entries-more-cat-for-single-room","portfolio_entries-room-categories"],"yoast_head":"<!-- This site is optimized with the Yoast SEO plugin v27.3 - https:\/\/yoast.com\/product\/yoast-seo-wordpress\/ -->\n<title>Omesberg Double Room - Hotel L\u00e4rchenhof<\/title>\n<meta name=\"robots\" content=\"index, follow, max-snippet:-1, max-image-preview:large, max-video-preview:-1\" \/>\n<link rel=\"canonical\" href=\"https:\/\/www.laerchenhof-lech.at\/en\/arlberg\/omesberg-double-room\/\" \/>\n<meta property=\"og:locale\" content=\"en_US\" \/>\n<meta property=\"og:type\" content=\"article\" \/>\n<meta property=\"og:title\" content=\"Omesberg Double Room - Hotel L\u00e4rchenhof\" \/>\n<meta property=\"og:url\" content=\"https:\/\/www.laerchenhof-lech.at\/en\/arlberg\/omesberg-double-room\/\" \/>\n<meta property=\"og:site_name\" content=\"Hotel L\u00e4rchenhof\" \/>\n<meta property=\"article:modified_time\" content=\"2024-09-15T06:34:46+00:00\" \/>\n<meta property=\"og:image\" content=\"https:\/\/www.laerchenhof-lech.at\/wp-content\/uploads\/2016\/12\/schoenes-wohnen-1e-doppelzimmer-omesberg-hotel-laerchenhof-in-lech-am-arlberg.jpg\" \/>\n\t<meta property=\"og:image:width\" content=\"1348\" \/>\n\t<meta property=\"og:image:height\" content=\"899\" \/>\n\t<meta property=\"og:image:type\" content=\"image\/jpeg\" \/>\n<meta name=\"twitter:card\" content=\"summary_large_image\" \/>\n<meta name=\"twitter:label1\" content=\"Est. reading time\" \/>\n\t<meta name=\"twitter:data1\" content=\"5 minutes\" \/>\n<script type=\"application\/ld+json\" class=\"yoast-schema-graph\">{\"@context\":\"https:\\\/\\\/schema.org\",\"@graph\":[{\"@type\":\"WebPage\",\"@id\":\"https:\\\/\\\/www.laerchenhof-lech.at\\\/en\\\/arlberg\\\/omesberg-double-room\\\/\",\"url\":\"https:\\\/\\\/www.laerchenhof-lech.at\\\/en\\\/arlberg\\\/omesberg-double-room\\\/\",\"name\":\"Omesberg Double Room - Hotel L\u00e4rchenhof\",\"isPartOf\":{\"@id\":\"https:\\\/\\\/www.laerchenhof-lech.at\\\/en\\\/#website\"},\"primaryImageOfPage\":{\"@id\":\"https:\\\/\\\/www.laerchenhof-lech.at\\\/en\\\/arlberg\\\/omesberg-double-room\\\/#primaryimage\"},\"image\":{\"@id\":\"https:\\\/\\\/www.laerchenhof-lech.at\\\/en\\\/arlberg\\\/omesberg-double-room\\\/#primaryimage\"},\"thumbnailUrl\":\"https:\\\/\\\/www.laerchenhof-lech.at\\\/wp-content\\\/uploads\\\/2016\\\/12\\\/schoenes-wohnen-1e-doppelzimmer-omesberg-hotel-laerchenhof-in-lech-am-arlberg.jpg\",\"datePublished\":\"2017-02-10T10:01:51+00:00\",\"dateModified\":\"2024-09-15T06:34:46+00:00\",\"breadcrumb\":{\"@id\":\"https:\\\/\\\/www.laerchenhof-lech.at\\\/en\\\/arlberg\\\/omesberg-double-room\\\/#breadcrumb\"},\"inLanguage\":\"en-US\",\"potentialAction\":[{\"@type\":\"ReadAction\",\"target\":[\"https:\\\/\\\/www.laerchenhof-lech.at\\\/en\\\/arlberg\\\/omesberg-double-room\\\/\"]}]},{\"@type\":\"ImageObject\",\"inLanguage\":\"en-US\",\"@id\":\"https:\\\/\\\/www.laerchenhof-lech.at\\\/en\\\/arlberg\\\/omesberg-double-room\\\/#primaryimage\",\"url\":\"https:\\\/\\\/www.laerchenhof-lech.at\\\/wp-content\\\/uploads\\\/2016\\\/12\\\/schoenes-wohnen-1e-doppelzimmer-omesberg-hotel-laerchenhof-in-lech-am-arlberg.jpg\",\"contentUrl\":\"https:\\\/\\\/www.laerchenhof-lech.at\\\/wp-content\\\/uploads\\\/2016\\\/12\\\/schoenes-wohnen-1e-doppelzimmer-omesberg-hotel-laerchenhof-in-lech-am-arlberg.jpg\",\"width\":1348,\"height\":899},{\"@type\":\"BreadcrumbList\",\"@id\":\"https:\\\/\\\/www.laerchenhof-lech.at\\\/en\\\/arlberg\\\/omesberg-double-room\\\/#breadcrumb\",\"itemListElement\":[{\"@type\":\"ListItem\",\"position\":1,\"name\":\"Startseite\",\"item\":\"https:\\\/\\\/www.laerchenhof-lech.at\\\/en\\\/home\\\/\"},{\"@type\":\"ListItem\",\"position\":2,\"name\":\"Omesberg Double Room\"}]},{\"@type\":\"WebSite\",\"@id\":\"https:\\\/\\\/www.laerchenhof-lech.at\\\/en\\\/#website\",\"url\":\"https:\\\/\\\/www.laerchenhof-lech.at\\\/en\\\/\",\"name\":\"Hotel L\u00e4rchenhof\",\"description\":\"Urlaub in Lech Z\u00fcrs\",\"potentialAction\":[{\"@type\":\"SearchAction\",\"target\":{\"@type\":\"EntryPoint\",\"urlTemplate\":\"https:\\\/\\\/www.laerchenhof-lech.at\\\/en\\\/?s={search_term_string}\"},\"query-input\":{\"@type\":\"PropertyValueSpecification\",\"valueRequired\":true,\"valueName\":\"search_term_string\"}}],\"inLanguage\":\"en-US\"}]}<\/script>\n<!-- \/ Yoast SEO plugin. -->","yoast_head_json":{"title":"Omesberg Double Room - Hotel L\u00e4rchenhof","robots":{"index":"index","follow":"follow","max-snippet":"max-snippet:-1","max-image-preview":"max-image-preview:large","max-video-preview":"max-video-preview:-1"},"canonical":"https:\/\/www.laerchenhof-lech.at\/en\/arlberg\/omesberg-double-room\/","og_locale":"en_US","og_type":"article","og_title":"Omesberg Double Room - Hotel L\u00e4rchenhof","og_url":"https:\/\/www.laerchenhof-lech.at\/en\/arlberg\/omesberg-double-room\/","og_site_name":"Hotel L\u00e4rchenhof","article_modified_time":"2024-09-15T06:34:46+00:00","og_image":[{"width":1348,"height":899,"url":"https:\/\/www.laerchenhof-lech.at\/wp-content\/uploads\/2016\/12\/schoenes-wohnen-1e-doppelzimmer-omesberg-hotel-laerchenhof-in-lech-am-arlberg.jpg","type":"image\/jpeg"}],"twitter_card":"summary_large_image","twitter_misc":{"Est. reading time":"5 minutes"},"schema":{"@context":"https:\/\/schema.org","@graph":[{"@type":"WebPage","@id":"https:\/\/www.laerchenhof-lech.at\/en\/arlberg\/omesberg-double-room\/","url":"https:\/\/www.laerchenhof-lech.at\/en\/arlberg\/omesberg-double-room\/","name":"Omesberg Double Room - Hotel L\u00e4rchenhof","isPartOf":{"@id":"https:\/\/www.laerchenhof-lech.at\/en\/#website"},"primaryImageOfPage":{"@id":"https:\/\/www.laerchenhof-lech.at\/en\/arlberg\/omesberg-double-room\/#primaryimage"},"image":{"@id":"https:\/\/www.laerchenhof-lech.at\/en\/arlberg\/omesberg-double-room\/#primaryimage"},"thumbnailUrl":"https:\/\/www.laerchenhof-lech.at\/wp-content\/uploads\/2016\/12\/schoenes-wohnen-1e-doppelzimmer-omesberg-hotel-laerchenhof-in-lech-am-arlberg.jpg","datePublished":"2017-02-10T10:01:51+00:00","dateModified":"2024-09-15T06:34:46+00:00","breadcrumb":{"@id":"https:\/\/www.laerchenhof-lech.at\/en\/arlberg\/omesberg-double-room\/#breadcrumb"},"inLanguage":"en-US","potentialAction":[{"@type":"ReadAction","target":["https:\/\/www.laerchenhof-lech.at\/en\/arlberg\/omesberg-double-room\/"]}]},{"@type":"ImageObject","inLanguage":"en-US","@id":"https:\/\/www.laerchenhof-lech.at\/en\/arlberg\/omesberg-double-room\/#primaryimage","url":"https:\/\/www.laerchenhof-lech.at\/wp-content\/uploads\/2016\/12\/schoenes-wohnen-1e-doppelzimmer-omesberg-hotel-laerchenhof-in-lech-am-arlberg.jpg","contentUrl":"https:\/\/www.laerchenhof-lech.at\/wp-content\/uploads\/2016\/12\/schoenes-wohnen-1e-doppelzimmer-omesberg-hotel-laerchenhof-in-lech-am-arlberg.jpg","width":1348,"height":899},{"@type":"BreadcrumbList","@id":"https:\/\/www.laerchenhof-lech.at\/en\/arlberg\/omesberg-double-room\/#breadcrumb","itemListElement":[{"@type":"ListItem","position":1,"name":"Startseite","item":"https:\/\/www.laerchenhof-lech.at\/en\/home\/"},{"@type":"ListItem","position":2,"name":"Omesberg Double Room"}]},{"@type":"WebSite","@id":"https:\/\/www.laerchenhof-lech.at\/en\/#website","url":"https:\/\/www.laerchenhof-lech.at\/en\/","name":"Hotel L\u00e4rchenhof","description":"Urlaub in Lech Z\u00fcrs","potentialAction":[{"@type":"SearchAction","target":{"@type":"EntryPoint","urlTemplate":"https:\/\/www.laerchenhof-lech.at\/en\/?s={search_term_string}"},"query-input":{"@type":"PropertyValueSpecification","valueRequired":true,"valueName":"search_term_string"}}],"inLanguage":"en-US"}]}},"_links":{"self":[{"href":"https:\/\/www.laerchenhof-lech.at\/en\/wp-json\/wp\/v2\/portfolio\/1147","targetHints":{"allow":["GET"]}}],"collection":[{"href":"https:\/\/www.laerchenhof-lech.at\/en\/wp-json\/wp\/v2\/portfolio"}],"about":[{"href":"https:\/\/www.laerchenhof-lech.at\/en\/wp-json\/wp\/v2\/types\/portfolio"}],"author":[{"embeddable":true,"href":"https:\/\/www.laerchenhof-lech.at\/en\/wp-json\/wp\/v2\/users\/3"}],"version-history":[{"count":4,"href":"https:\/\/www.laerchenhof-lech.at\/en\/wp-json\/wp\/v2\/portfolio\/1147\/revisions"}],"predecessor-version":[{"id":6941,"href":"https:\/\/www.laerchenhof-lech.at\/en\/wp-json\/wp\/v2\/portfolio\/1147\/revisions\/6941"}],"wp:featuredmedia":[{"embeddable":true,"href":"https:\/\/www.laerchenhof-lech.at\/en\/wp-json\/wp\/v2\/media\/1879"}],"wp:attachment":[{"href":"https:\/\/www.laerchenhof-lech.at\/en\/wp-json\/wp\/v2\/media?parent=1147"}],"wp:term":[{"taxonomy":"post_tag","embeddable":true,"href":"https:\/\/www.laerchenhof-lech.at\/en\/wp-json\/wp\/v2\/tags?post=1147"},{"taxonomy":"portfolio_entries","embeddable":true,"href":"https:\/\/www.laerchenhof-lech.at\/en\/wp-json\/wp\/v2\/portfolio_entries?post=1147"}],"curies":[{"name":"wp","href":"https:\/\/api.w.org\/{rel}","templated":true}]}}